{"id":127,"date":"2021-10-05T16:51:47","date_gmt":"2021-10-05T19:51:47","guid":{"rendered":"http:\/\/janeladazaki.com\/?page_id=127"},"modified":"2021-11-22T23:24:29","modified_gmt":"2021-11-23T02:24:29","slug":"liberdade-o-sorriso-que-sustenta","status":"publish","type":"page","link":"http:\/\/janeladazaki.com\/index.php\/perfis\/liberdade-o-sorriso-que-sustenta\/","title":{"rendered":"Liberdade: o sorriso que sustenta"},"content":{"rendered":"\t\t<div data-elementor-type=\"wp-page\" data-elementor-id=\"127\" class=\"elementor elementor-127\" data-elementor-settings=\"[]\">\n\t\t\t\t\t\t\t<div class=\"elementor-section-wrap\">\n\t\t\t\t\t\t\t<section class=\"elementor-section elementor-top-section elementor-element elementor-element-13e24f5 elementor-section-boxed elementor-section-height-default elementor-section-height-default\" data-id=\"13e24f5\" data-element_type=\"section\">\n\t\t\t\t\t\t<div class=\"elementor-container elementor-column-gap-default\">\n\t\t\t\t\t<div class=\"elementor-column elementor-col-100 elementor-top-column elementor-element elementor-element-07f9ae0\" data-id=\"07f9ae0\" data-element_type=\"column\">\n\t\t\t<div class=\"elementor-widget-wrap elementor-element-populated\">\n\t\t\t\t\t\t\t\t<div class=\"elementor-element elementor-element-86baef2 elementor-widget elementor-widget-text-editor\" data-id=\"86baef2\" data-element_type=\"widget\" data-widget_type=\"text-editor.default\">\n\t\t\t\t<div class=\"elementor-widget-container\">\n\t\t\t\t\t\t\t<h6><span style=\"font-weight: 400;\">O sorriso fala. Sempre. Mas Rafael Luis Cavalcante dos Santos, 32 anos, nascido e criado na Zaki Narchi tamb\u00e9m fala. Sempre com propriedade, d\u00e1 uma aula sobre a vida. A liberdade cantou no dia 04 de dezembro de 2014 e, desde ent\u00e3o, \u00e9 sua melhor amiga.\u00a0<\/span><\/h6><h6><span style=\"font-weight: 400;\">Al\u00e9m de, claro, sua esposa Regiane Cristina. Que, sob as palavras de Rafa, \u201cdeu bastante for\u00e7a, fez com que eu amadurecesse bastante, a mulher tem esse poder\u201d. O amor subiu a serra desde uma noite quente do m\u00eas de janeiro na Praia Grande, litoral sul de S\u00e3o Paulo.<\/span><\/h6><h6><span style=\"font-weight: 400;\">Era in\u00edcio do ano, Rafa e alguns mais dois amigos da Zaki estavam aproveitando alguns dias na praia e foram dar um rol\u00ea na orla. Na azara\u00e7\u00e3o, encontraram Regiane e mais algumas amigas, a conversa foi rolando, a noite passou e desde ent\u00e3o os dias com Regiane s\u00e3o sempre cheios de sol e muito amor.\u00a0<\/span><\/h6><h6><span style=\"font-weight: 400;\">Tudo isso, um m\u00eas depois de poder voar pelo mundo novamente. Na tarde do dia 03 de dezembro de 2014, Rafa ficou sabendo pelos telefones de dentro das grades que sua liberdade estava com dia e hora marcada. Foi juntando seus pertences, doando tudo o que tinha para a rapaziada que ficaria no Centro de Progress\u00e3o Penitenci\u00e1rio de Jardin\u00f3polis, interior de S\u00e3o Paulo, e deixou consigo as cartas que recebia, fotos, uma camisa polo, uma bermuda jeans, uma blusa de frio e o chinelo. Tudo pronto para ir embora em mais um dia abafado no fim do ano.<\/span><\/h6><h6><span style=\"font-weight: 400;\">As horas passaram e a not\u00edcia n\u00e3o chegava. A noite virou e um pouco antes do almo\u00e7o do dia 4 o diretor apareceu com a papelada e a not\u00edcia de que a liberdade cantou. Com o dinheiro do pec\u00falio em m\u00e3os, comprou a passagem na rodovi\u00e1ria de Ribeir\u00e3o Preto, uma cerveja gelada e embarcou rumo a S\u00e3o Paulo \u00e0s 20h. Chegou em casa por volta da 00h30, de surpresa. Apenas sua irm\u00e3 sabia que ele chegaria, e a alegria de Maria da Penha, sua m\u00e3e, foi imensa.<\/span><\/h6><h3>\u00a0\u201cFiquei 3 anos e 5 meses. Foi tempo de aprendizado, ao mesmo tempo\u00a0 \u00a0que foi um momento de revolta.\u00a0 \u00a0 \u00a0 \u00a0Porque o sistema n\u00e3o recupera ningu\u00e9m, ele \u00e9 totalmente opressor, ele te faz testar o seu limite.\u00a0 \u00a0 \u00a0 \u00a0 \u00a0 \u00a0 \u00a0 \u00a0 \u00a0 \u00a0 \u00a0 \u00a0 \u00a0 \u00a0 \u00a0 \u00a0 \u00a0 \u00a0 \u00a0 \u00a0 \u00a0 \u00a0 \u00a0 \u00a0 \u00a0 \u00a0 \u00a0 \u00a0 \u00a0 \u00a0 \u00a0 \u00a0Como ser humano, como homem.\u201d\u00a0<\/h3><h6><span style=\"font-weight: 400;\">3 anos e 5 meses de autoconhecimento e saudade da fam\u00edlia, na primeira oportunidade de sair do mundo da malandragem, Rafa o fez. Sempre pensando em sua m\u00e3e, no quanto sofria para visit\u00e1-lo e em tudo o que passou viajando por delegacias.\u00a0<\/span><\/h6>\t\t\t\t\t\t<\/div>\n\t\t\t\t<\/div>\n\t\t\t\t\t<\/div>\n\t\t<\/div>\n\t\t\t\t\t\t\t<\/div>\n\t\t<\/section>\n\t\t\t\t<section class=\"elementor-section elementor-top-section elementor-element elementor-element-d87fdb6 elementor-section-boxed elementor-section-height-default elementor-section-height-default\" data-id=\"d87fdb6\" data-element_type=\"section\">\n\t\t\t\t\t\t<div class=\"elementor-container elementor-column-gap-default\">\n\t\t\t\t\t<div class=\"elementor-column elementor-col-100 elementor-top-column elementor-element elementor-element-be94739\" data-id=\"be94739\" data-element_type=\"column\">\n\t\t\t<div class=\"elementor-widget-wrap\">\n\t\t\t\t\t\t\t\t\t<\/div>\n\t\t<\/div>\n\t\t\t\t\t\t\t<\/div>\n\t\t<\/section>\n\t\t\t\t<section class=\"elementor-section elementor-top-section elementor-element elementor-element-12e1a85 elementor-section-boxed elementor-section-height-default elementor-section-height-default\" data-id=\"12e1a85\" data-element_type=\"section\">\n\t\t\t\t\t\t<div class=\"elementor-container elementor-column-gap-default\">\n\t\t\t\t\t<div class=\"elementor-column elementor-col-100 elementor-top-column elementor-element elementor-element-a954394\" data-id=\"a954394\" data-element_type=\"column\">\n\t\t\t<div class=\"elementor-widget-wrap elementor-element-populated\">\n\t\t\t\t\t\t\t\t<div class=\"elementor-element elementor-element-1fa746f elementor-arrows-position-inside elementor-pagination-position-outside elementor-widget elementor-widget-image-carousel\" data-id=\"1fa746f\" data-element_type=\"widget\" data-settings=\"{&quot;slides_to_show&quot;:&quot;1&quot;,&quot;navigation&quot;:&quot;both&quot;,&quot;autoplay&quot;:&quot;yes&quot;,&quot;pause_on_hover&quot;:&quot;yes&quot;,&quot;pause_on_interaction&quot;:&quot;yes&quot;,&quot;autoplay_speed&quot;:5000,&quot;infinite&quot;:&quot;yes&quot;,&quot;effect&quot;:&quot;slide&quot;,&quot;speed&quot;:500}\" data-widget_type=\"image-carousel.default\">\n\t\t\t\t<div class=\"elementor-widget-container\">\n\t\t\t\t\t<div class=\"elementor-image-carousel-wrapper swiper-container\" dir=\"ltr\">\n\t\t\t<div class=\"elementor-image-carousel swiper-wrapper\">\n\t\t\t\t\t\t\t\t<div class=\"swiper-slide\"><figure class=\"swiper-slide-inner\"><img class=\"swiper-slide-image\" src=\"http:\/\/janeladazaki.com\/wp-content\/uploads\/2021\/10\/20211022_174303-1-768x576.png\" alt=\"Rafa e seus amigos na Zaki quando os pr\u00e9dios estavam sendo constru\u00eddos\" \/><figcaption class=\"elementor-image-carousel-caption\">Rafa e seus amigos na Zaki quando os pr\u00e9dios estavam sendo constru\u00eddos<\/figcaption><\/figure><\/div><div class=\"swiper-slide\"><figure class=\"swiper-slide-inner\"><img class=\"swiper-slide-image\" src=\"http:\/\/janeladazaki.com\/wp-content\/uploads\/2021\/10\/20211022_174007-768x576.jpg\" alt=\"Rafa com seu irm\u00e3o mais novo, Gustavo\" \/><figcaption class=\"elementor-image-carousel-caption\">Rafa com seu irm\u00e3o mais novo, Gustavo<\/figcaption><\/figure><\/div><div class=\"swiper-slide\"><figure class=\"swiper-slide-inner\"><img class=\"swiper-slide-image\" src=\"http:\/\/janeladazaki.com\/wp-content\/uploads\/2021\/10\/rafa-ok-768x576.png\" alt=\"Rafa e sua tia Claudia\" \/><figcaption class=\"elementor-image-carousel-caption\">Rafa e sua tia Claudia<\/figcaption><\/figure><\/div><div class=\"swiper-slide\"><figure class=\"swiper-slide-inner\"><img class=\"swiper-slide-image\" src=\"http:\/\/janeladazaki.com\/wp-content\/uploads\/2021\/10\/20211022_173408-768x576.jpg\" alt=\"Rafa e dois de seus amigos\" \/><figcaption class=\"elementor-image-carousel-caption\">Rafa e dois de seus amigos <\/figcaption><\/figure><\/div>\t\t\t<\/div>\n\t\t\t\t\t\t\t\t\t\t\t\t<div class=\"swiper-pagination\"><\/div>\n\t\t\t\t\t\t\t\t\t\t\t\t\t<div class=\"elementor-swiper-button elementor-swiper-button-prev\">\n\t\t\t\t\t\t<i class=\"eicon-chevron-left\" aria-hidden=\"true\"><\/i>\n\t\t\t\t\t\t<span class=\"elementor-screen-only\">Anterior<\/span>\n\t\t\t\t\t<\/div>\n\t\t\t\t\t<div class=\"elementor-swiper-button elementor-swiper-button-next\">\n\t\t\t\t\t\t<i class=\"eicon-chevron-right\" aria-hidden=\"true\"><\/i>\n\t\t\t\t\t\t<span class=\"elementor-screen-only\">Pr\u00f3ximo<\/span>\n\t\t\t\t\t<\/div>\n\t\t\t\t\t\t\t\t\t<\/div>\n\t\t\t\t<\/div>\n\t\t\t\t<\/div>\n\t\t\t\t<div class=\"elementor-element elementor-element-635dabb elementor-widget elementor-widget-text-editor\" data-id=\"635dabb\" data-element_type=\"widget\" data-widget_type=\"text-editor.default\">\n\t\t\t\t<div class=\"elementor-widget-container\">\n\t\t\t\t\t\t\t<h6><span style=\"font-weight: normal;\">De dentro da Zaki, Rafa conheceu o mundo das facilidades. Tudo vinha r\u00e1pido e parecia muito bom. Aos 21 anos, depois de aprontar, conheceu o universo que o privou da liberdade.<\/span><\/h6>\n<h6><span style=\"font-weight: normal;\">Rafa foi criado com muito amor por sua m\u00e3e e seu padrasto, Jo\u00e3o Batista, tamb\u00e9m conhecido como J\u00e3o ou Batista. J\u00e3o foi pai do moleque que conheceu a vida nas paredes da Zaki Narchi. Condenado a ver o mundo por tr\u00e1s das grades por 16 anos, Batista estava em regime semiaberto, trabalhando, e passou na Zaki para ver a fam\u00edlia.<\/span><\/h6>\n<h3 style=\"font-style: normal; font-variant-ligatures: normal; font-variant-caps: normal; text-align: justify;\">&nbsp; &nbsp; &nbsp; &nbsp; &nbsp; &nbsp; &nbsp; &nbsp; &nbsp; &nbsp; &nbsp; &nbsp; &nbsp; &nbsp; &nbsp; &nbsp; &nbsp; &nbsp;\u201cEle foi assassinado no mesmo dia que a m\u00e3e dele faleceu.\u201d<\/h3>\n<h6><span style=\"font-weight: normal;\">No dia em que Rafa perdeu seu pai, perdeu tamb\u00e9m sua av\u00f3 posti\u00e7a por motivos de doen\u00e7a, que morava no Rio de Janeiro. Era fim de tarde, por volta das 17h30, foram at\u00e9 o trailer da Marluce, que fica no fundo dos pr\u00e9dios para tomar um refri. Rafa chegou por tr\u00e1s, bateu carinhosamente na barriga de J\u00e3o, bebeu um gole do refrigerante e se despediu com um abra\u00e7o j\u00e1 cheio de saudade.&nbsp;<\/span><\/h6>\n<h6><span style=\"font-weight: normal;\">Em quest\u00e3o de minutos, correria geral na comunidade. A pol\u00edcia baixou por l\u00e1 e a rapaziada toda saiu disparada para se esconder nos pr\u00e9dios. \u201cRafa, n\u00e3o vai, pelo amor de Deus, atiraram no Batista\u201d, gritou uma amiga. O rumo mudou. Aos 21 anos, Rafa foi correndo em dire\u00e7\u00e3o ao bloco 21 e quando virou a esquina, sua perna fraquejou.&nbsp;<\/span><\/h6>\n<h6><span style=\"font-weight: normal;\">As pedras do asfalto tocaram os joelhos de Rafa que viu seu pai baleado no ch\u00e3o. A mem\u00f3ria n\u00e3o segura muito os fatos daqui pra frente, tudo o que se lembra \u00e9 de que, por volta das 20h, foi chamado na antessala da UTI do Hospital do Mandaqui para receber a not\u00edcia de que Batista tinha partido.<\/span><\/h6>\n<h6><span style=\"font-weight: normal;\">A suspeita \u00e9 de que a Pol\u00edcia Civil foi quem causou tamanho buraco no peito de Rafael. At\u00e9 hoje, n\u00e3o \u00e9 poss\u00edvel afirmar fielmente o que aconteceu. As imagens desse dia est\u00e3o gravadas, passo a passo, nas lembran\u00e7as de Rafa.&nbsp;<\/span><\/h6>\n<h6><span style=\"font-weight: normal;\">Meses depois, quando se viu atr\u00e1s das grades, Rafa sentiu a obriga\u00e7\u00e3o de colocar a cabe\u00e7a no lugar. Aproximou-se novamente de Deus, leu a B\u00edblia toda, ouviu m\u00fasicas que o acalmavam e depois de muito se revoltar com o sistema opressor, entendeu que a sa\u00edda para sua vida era deixar o mundo do crime de lado.&nbsp;<\/span><\/h6>\n<h6><span style=\"font-weight: normal;\">A pena de 9 anos e 11 meses foi reduzida para menos de 4 anos.<\/span><\/h6>\n<h3 style=\"font-style: normal; font-variant-ligatures: normal; font-variant-caps: normal; text-align: justify;\"><span style=\"font-weight: 400;\">&nbsp; &nbsp; &nbsp; &nbsp; &nbsp; &nbsp; &nbsp; &nbsp; &nbsp; &nbsp; &nbsp; &nbsp; &nbsp; &nbsp; &nbsp; &nbsp;&nbsp;<\/span>&nbsp;\u201cAcho que ningu\u00e9m cumpre a pena toda no Brasil n\u00e3o. (&#8230;)<br>&nbsp; &nbsp; &nbsp; &nbsp; &nbsp; &nbsp; &nbsp; &nbsp; &nbsp; &nbsp; &nbsp; &nbsp; &nbsp; &nbsp; &nbsp; &nbsp; &nbsp; &nbsp; O Brasil, ele relaxa a pena, a pena \u00e9 relaxada\u201d, conta.<\/h3>\n<h6><span style=\"font-weight: normal;\">Mesmo de dentro das grades, Rafa era linha de frente, comandava cerca de 200 pessoas. Ele conta que, com tudo isso, aprendeu a lidar com todo tipo de mente: maldosas, bondosas, inocentes e at\u00e9 doentes.&nbsp;<\/span><\/h6>\n<h6><span style=\"font-weight: normal;\">Ap\u00f3s entender que s\u00f3 ele mesmo poderia tomar as r\u00e9deas de sua vida, deixou a malandragem para tr\u00e1s. Hoje, ap\u00f3s trabalhar com montagem de pregadores de madeira e embalando pe\u00e7as de brinquedo lego durante o semiaberto, Rafael passa o dia como contratado da prefeitura na rotina agitada das podas de \u00e1rvore na capital paulista. Cada dia em um canto, cada dia em uma rua.<\/span><\/h6>\n<h6><span style=\"font-weight: normal;\">\u201cA \u00fanica pessoa que pode escrever sua hist\u00f3ria \u00e9 voc\u00ea mesmo. Ent\u00e3o, meu, ningu\u00e9m vai chegar aqui e falar: \u2018Ah Rafa,&nbsp; vou fazer isso por voc\u00ea e isso aqui voc\u00ea vai fazer assim, cara, t\u00e1 bom?\u2019 Ningu\u00e9m vai fazer isso por mim, a \u00fanica pessoa que pode escrever sua hist\u00f3ria \u00e9 voc\u00ea mesmo\u201d.<\/span><\/h6>\n<h6><span style=\"font-weight: normal;\">Atrav\u00e9s de suas viv\u00eancias, Rafa busca passar para a molecada da Zaki tudo o que aprendeu. \u201cO caminho mais f\u00e1cil sempre vai t\u00e1 ali, sempre vai ter o caminho mais f\u00e1cil. Falo pra eles: \u2018tudo vai ser ilus\u00e3o, filho, sai da\u00ed. O bagulho \u00e9 gostosinho, \u00e9 desse jeitinho\u2019. E eles d\u00e3o risada porque eles sabem que o que eu t\u00f4 falando \u00e9 o que eles t\u00e3o vivendo, que est\u00e3o sentindo.\u201d<\/span><\/h6>\n<h6><span style=\"font-weight: normal;\">Por isso, encontrou no esporte uma forma de ser ponte para os meninos e meninas que vivem nas mesmas ruas em que ele cresceu. Por diversos anos, tamb\u00e9m deu aulas na Escolinha da Zaki, projeto que leva futebol \u00e0 crian\u00e7ada. E hoje, afirma sem d\u00favidas: \u201cfalo pra eles sempre estudarem, porque algo que ningu\u00e9m tira da gente \u00e9 o conhecimento. A gente pode perder tudo pra qualquer pessoa, at\u00e9 a nossa vida a gente perde. Mas o conhecimento ningu\u00e9m tira da gente, t\u00e1 dentro de n\u00f3s\u201d.&nbsp;<\/span><\/h6>\n<h6><span style=\"font-weight: normal;\">Sempre com sorriso no rosto, Rafa sente orgulho de suas ra\u00edzes, de sua fam\u00edlia, de sua hist\u00f3ria. Animado, em meio a risadas, termina nossa conversa dizendo:&nbsp;<\/span><\/h6>\n<h3 style=\"font-style: normal; font-variant-ligatures: normal; font-variant-caps: normal; text-align: justify;\"><span style=\"font-weight: normal;\">&nbsp; &nbsp; &nbsp; &nbsp; &nbsp; &nbsp; &nbsp; &nbsp; &nbsp; &nbsp; &nbsp; &nbsp; &nbsp; &nbsp; &nbsp; &nbsp; &nbsp; &nbsp; &nbsp; &nbsp; &nbsp; &nbsp; &nbsp; &nbsp; &nbsp;&nbsp;<\/span>&nbsp;\u201cvai ser bacana, vou estar na internet.&nbsp; &nbsp; &nbsp; &nbsp; &nbsp; &nbsp; &nbsp; &nbsp; &nbsp; &nbsp; &nbsp; &nbsp; &nbsp; &nbsp; &nbsp; &nbsp; &nbsp; &nbsp; &nbsp; &nbsp; &nbsp; &nbsp; &nbsp; &nbsp; &nbsp; &nbsp; &nbsp; &nbsp; &nbsp; &nbsp; &nbsp; &nbsp; &nbsp; &nbsp; &nbsp; &nbsp; &nbsp; &nbsp; &nbsp; &nbsp; &nbsp; &nbsp; &nbsp; &nbsp; &nbsp; &nbsp; &nbsp; &nbsp; &nbsp; &nbsp; &nbsp; &nbsp; Que isso, cara, nunca imaginei isso\u201d.&nbsp;<\/h3>\t\t\t\t\t\t<\/div>\n\t\t\t\t<\/div>\n\t\t\t\t\t<\/div>\n\t\t<\/div>\n\t\t\t\t\t\t\t<\/div>\n\t\t<\/section>\n\t\t\t\t<section class=\"elementor-section elementor-top-section elementor-element elementor-element-363851f elementor-section-boxed elementor-section-height-default elementor-section-height-default\" data-id=\"363851f\" data-element_type=\"section\">\n\t\t\t\t\t\t<div class=\"elementor-container elementor-column-gap-default\">\n\t\t\t\t\t<div class=\"elementor-column elementor-col-100 elementor-top-column elementor-element elementor-element-e48efc5\" data-id=\"e48efc5\" data-element_type=\"column\">\n\t\t\t<div class=\"elementor-widget-wrap elementor-element-populated\">\n\t\t\t\t\t\t\t\t<div class=\"elementor-element elementor-element-b829b0d elementor-arrows-position-inside elementor-pagination-position-outside elementor-widget elementor-widget-image-carousel\" data-id=\"b829b0d\" data-element_type=\"widget\" data-settings=\"{&quot;slides_to_show&quot;:&quot;1&quot;,&quot;navigation&quot;:&quot;both&quot;,&quot;autoplay&quot;:&quot;yes&quot;,&quot;pause_on_hover&quot;:&quot;yes&quot;,&quot;pause_on_interaction&quot;:&quot;yes&quot;,&quot;autoplay_speed&quot;:5000,&quot;infinite&quot;:&quot;yes&quot;,&quot;effect&quot;:&quot;slide&quot;,&quot;speed&quot;:500}\" data-widget_type=\"image-carousel.default\">\n\t\t\t\t<div class=\"elementor-widget-container\">\n\t\t\t\t\t<div class=\"elementor-image-carousel-wrapper swiper-container\" dir=\"ltr\">\n\t\t\t<div class=\"elementor-image-carousel swiper-wrapper\">\n\t\t\t\t\t\t\t\t<div class=\"swiper-slide\"><figure class=\"swiper-slide-inner\"><img class=\"swiper-slide-image\" src=\"http:\/\/janeladazaki.com\/wp-content\/uploads\/2021\/10\/20211007_104046-768x576.png\" alt=\"20211007_104046\" \/><\/figure><\/div><div class=\"swiper-slide\"><figure class=\"swiper-slide-inner\"><img class=\"swiper-slide-image\" src=\"http:\/\/janeladazaki.com\/wp-content\/uploads\/2021\/10\/20211007_103258-768x576.png\" alt=\"20211007_103258\" \/><\/figure><\/div><div class=\"swiper-slide\"><figure class=\"swiper-slide-inner\"><img class=\"swiper-slide-image\" src=\"http:\/\/janeladazaki.com\/wp-content\/uploads\/2021\/10\/20211007_103335-768x576.png\" alt=\"20211007_103335\" \/><\/figure><\/div><div class=\"swiper-slide\"><figure class=\"swiper-slide-inner\"><img class=\"swiper-slide-image\" src=\"http:\/\/janeladazaki.com\/wp-content\/uploads\/2021\/10\/20211007_103358-768x576.png\" alt=\"20211007_103358\" \/><\/figure><\/div><div class=\"swiper-slide\"><figure class=\"swiper-slide-inner\"><img class=\"swiper-slide-image\" src=\"http:\/\/janeladazaki.com\/wp-content\/uploads\/2021\/10\/20211007_103424-768x576.png\" alt=\"20211007_103424\" \/><\/figure><\/div><div class=\"swiper-slide\"><figure class=\"swiper-slide-inner\"><img class=\"swiper-slide-image\" src=\"http:\/\/janeladazaki.com\/wp-content\/uploads\/2021\/10\/20211007_103426-768x576.png\" alt=\"20211007_103426\" \/><\/figure><\/div><div class=\"swiper-slide\"><figure class=\"swiper-slide-inner\"><img class=\"swiper-slide-image\" src=\"http:\/\/janeladazaki.com\/wp-content\/uploads\/2021\/10\/20211007_103535-768x576.png\" alt=\"20211007_103535\" \/><\/figure><\/div><div class=\"swiper-slide\"><figure class=\"swiper-slide-inner\"><img class=\"swiper-slide-image\" src=\"http:\/\/janeladazaki.com\/wp-content\/uploads\/2021\/10\/20211007_103918-768x587.png\" alt=\"20211007_103918\" \/><\/figure><\/div>\t\t\t<\/div>\n\t\t\t\t\t\t\t\t\t\t\t\t<div class=\"swiper-pagination\"><\/div>\n\t\t\t\t\t\t\t\t\t\t\t\t\t<div class=\"elementor-swiper-button elementor-swiper-button-prev\">\n\t\t\t\t\t\t<i class=\"eicon-chevron-left\" aria-hidden=\"true\"><\/i>\n\t\t\t\t\t\t<span class=\"elementor-screen-only\">Anterior<\/span>\n\t\t\t\t\t<\/div>\n\t\t\t\t\t<div class=\"elementor-swiper-button elementor-swiper-button-next\">\n\t\t\t\t\t\t<i class=\"eicon-chevron-right\" aria-hidden=\"true\"><\/i>\n\t\t\t\t\t\t<span class=\"elementor-screen-only\">Pr\u00f3ximo<\/span>\n\t\t\t\t\t<\/div>\n\t\t\t\t\t\t\t\t\t<\/div>\n\t\t\t\t<\/div>\n\t\t\t\t<\/div>\n\t\t\t\t\t<\/div>\n\t\t<\/div>\n\t\t\t\t\t\t\t<\/div>\n\t\t<\/section>\n\t\t\t\t\t\t<\/div>\n\t\t\t\t\t<\/div>\n\t\t","protected":false},"excerpt":{"rendered":"<p>O sorriso fala. Sempre. Mas Rafael Luis Cavalcante dos Santos, 32 anos, nascido e criado na Zaki Narchi tamb\u00e9m fala. Sempre com propriedade, d\u00e1 uma &hellip;<\/p>\n","protected":false},"author":2,"featured_media":0,"parent":33,"menu_order":1,"comment_status":"closed","ping_status":"closed","template":"","meta":[],"_links":{"self":[{"href":"http:\/\/janeladazaki.com\/index.php\/wp-json\/wp\/v2\/pages\/127"}],"collection":[{"href":"http:\/\/janeladazaki.com\/index.php\/wp-json\/wp\/v2\/pages"}],"about":[{"href":"http:\/\/janeladazaki.com\/index.php\/wp-json\/wp\/v2\/types\/page"}],"author":[{"embeddable":true,"href":"http:\/\/janeladazaki.com\/index.php\/wp-json\/wp\/v2\/users\/2"}],"replies":[{"embeddable":true,"href":"http:\/\/janeladazaki.com\/index.php\/wp-json\/wp\/v2\/comments?post=127"}],"version-history":[{"count":124,"href":"http:\/\/janeladazaki.com\/index.php\/wp-json\/wp\/v2\/pages\/127\/revisions"}],"predecessor-version":[{"id":1275,"href":"http:\/\/janeladazaki.com\/index.php\/wp-json\/wp\/v2\/pages\/127\/revisions\/1275"}],"up":[{"embeddable":true,"href":"http:\/\/janeladazaki.com\/index.php\/wp-json\/wp\/v2\/pages\/33"}],"wp:attachment":[{"href":"http:\/\/janeladazaki.com\/index.php\/wp-json\/wp\/v2\/media?parent=127"}],"curies":[{"name":"wp","href":"https:\/\/api.w.org\/{rel}","templated":true}]}}