{"id":129,"date":"2021-10-05T16:52:02","date_gmt":"2021-10-05T19:52:02","guid":{"rendered":"http:\/\/janeladazaki.com\/?page_id=129"},"modified":"2021-11-22T23:30:05","modified_gmt":"2021-11-23T02:30:05","slug":"raizes-que-sonham-com-um-novo-por-do-sol","status":"publish","type":"page","link":"http:\/\/janeladazaki.com\/index.php\/perfis\/raizes-que-sonham-com-um-novo-por-do-sol\/","title":{"rendered":"Ra\u00edzes que sonham com um novo p\u00f4r do sol"},"content":{"rendered":"\t\t<div data-elementor-type=\"wp-page\" data-elementor-id=\"129\" class=\"elementor elementor-129\" data-elementor-settings=\"[]\">\n\t\t\t\t\t\t\t<div class=\"elementor-section-wrap\">\n\t\t\t\t\t\t\t<section class=\"elementor-section elementor-top-section elementor-element elementor-element-18600bd elementor-section-boxed elementor-section-height-default elementor-section-height-default\" data-id=\"18600bd\" data-element_type=\"section\">\n\t\t\t\t\t\t<div class=\"elementor-container elementor-column-gap-default\">\n\t\t\t\t\t<div class=\"elementor-column elementor-col-100 elementor-top-column elementor-element elementor-element-6cbc7a0\" data-id=\"6cbc7a0\" data-element_type=\"column\">\n\t\t\t<div class=\"elementor-widget-wrap elementor-element-populated\">\n\t\t\t\t\t\t\t\t<div class=\"elementor-element elementor-element-52ba344 elementor-widget elementor-widget-text-editor\" data-id=\"52ba344\" data-element_type=\"widget\" data-widget_type=\"text-editor.default\">\n\t\t\t\t<div class=\"elementor-widget-container\">\n\t\t\t\t\t\t\t<h6><span style=\"font-weight: normal;\">\u00c1urea Marta Silva est\u00e1 nas ra\u00edzes da Zaki Narchi. Seu sorriso e seus olhos brilham ao falar de sua vida. \u00c1urea lembra o c\u00e9u estrelado. Pele preta, sorriso e pupilas de estrela. Em seu sangue, a luta de ser mulher, preta, perif\u00e9rica.<\/span><\/h6><h6><span style=\"font-weight: normal;\">Sem romantizar, o primeiro ato da vida de \u00c1urea e de oito dos seus 14 irm\u00e3os n\u00e3o foi suave e nem brando. Lembran\u00e7as tristes permeiam a realidade da menina que chegou aos 16 anos na Zaki Narchi e aos 50 sonha em um dia ver o mundo por outras janelas. De seus irm\u00e3os, alguns se perderam nas drogas. Um deles, chegou a fechar os olhos na Favela da Zaki.\u00a0<\/span><\/h6><h6><span style=\"font-weight: normal;\">Antes de come\u00e7ar a trabalhar, se divertia com sua melhor amiga e vizinha Maura. Os passeios eram ir catar o restante das frutas e verduras na feira, pedir na porta das casas e para as pessoas nas ruas.\u00a0<\/span><\/h6><h3>\u00a0 \u00a0 \u00a0 \u00a0 \u201cA gente se divertia assim, com essa vida bem triste\u201d, conta com um sorriso de sabor agridoce.<\/h3><h6><span style=\"font-weight: normal;\">O sorriso fica mais adocicado quando se recorda de Irm\u00e3 Bernadete. \u201cMetade do que eu sou hoje, agrade\u00e7o a ela.\u201d Irm\u00e3 Bernadete \u00e9 uma freira do Col\u00e9gio Luiza de Marillac, localizado pr\u00f3ximo ao Cingapura, que visitava a favela todos os domingos. Na \u00e9poca, uma das poucas que ia at\u00e9 o local. L\u00e1, dava aulas para as crian\u00e7as e adolescentes, lia a B\u00edblia, levava at\u00e9 a Igreja, ao col\u00e9gio e mostrava uma realidade diferente da permeada por viol\u00eancia, drogas e prostitui\u00e7\u00e3o das vielas da Zaki.\u00a0<\/span><\/h6><h6><span style=\"font-weight: normal;\">Certo dia, \u00c1urea e as amigas foram at\u00e9 a missa de domingo na Igreja de Sant\u2019Ana, como era combinado com a Irm\u00e3. Chegando l\u00e1, sentaram no primeiro banco, estrategicamente posicionadas para que Bernadete visse cada uma delas. Algum tempo depois, disfar\u00e7aram e foram correndo para um sal\u00e3o de baile onde aconteciam matin\u00eas aos finais de semana. Entre risadas, \u00c1urea se lembra das travessuras que aprontava com as amigas e de como, apesar de tudo, era poss\u00edvel se divertir.<\/span><\/h6><h6><span style=\"font-weight: normal;\">A vida na \u00e9poca em que ainda n\u00e3o existia o Conjunto Habitacional era s\u00f3lida. Havia dias em que ap\u00f3s voltar do trabalho, a casa tinha sido invadida. Botij\u00e3o de G\u00e1s? Roubado. O que acalenta \u00c1urea \u00e9 que esse tempo passou e hoje ela pode curtir o segundo ato de sua vida no conforto de seu apartamento.\u00a0<\/span><\/h6><h6><span style=\"font-weight: normal;\">No intervalo entre o primeiro e o segundo ato, \u00c1urea e sua fam\u00edlia passaram seis meses no alojamento, onde aprenderam a dividir espa\u00e7o, conviver com a vizinhan\u00e7a e respeitar cada um. \u201cAli j\u00e1 tivemos uma pr\u00e9-educa\u00e7\u00e3o pra vir pros pr\u00e9dios\u201d, conta.<\/span><\/h6><h6><span style=\"font-weight: normal;\">Um c\u00f4modo grudado ao outro, com piso e uma janela era tudo o que a fam\u00edlia tinha direito. Homens e mulheres com banheiros coletivos e separados por g\u00eaneros. Lavanderia comunit\u00e1ria e com hora marcada: aprendizado di\u00e1rio de como \u00e9 dividir espa\u00e7o com o outro. Ap\u00f3s sair dos barracos, essa realidade j\u00e1 soava melhor do que o ch\u00e3o batido e os tapumes de madeira da favela.\u00a0<\/span><\/h6>\t\t\t\t\t\t<\/div>\n\t\t\t\t<\/div>\n\t\t\t\t\t<\/div>\n\t\t<\/div>\n\t\t\t\t\t\t\t<\/div>\n\t\t<\/section>\n\t\t\t\t<section class=\"elementor-section elementor-top-section elementor-element elementor-element-d9b2991 elementor-section-boxed elementor-section-height-default elementor-section-height-default\" data-id=\"d9b2991\" data-element_type=\"section\">\n\t\t\t\t\t\t<div class=\"elementor-container elementor-column-gap-default\">\n\t\t\t\t\t<div class=\"elementor-column elementor-col-100 elementor-top-column elementor-element elementor-element-40426f5\" data-id=\"40426f5\" data-element_type=\"column\">\n\t\t\t<div class=\"elementor-widget-wrap elementor-element-populated\">\n\t\t\t\t\t\t\t\t<div class=\"elementor-element elementor-element-73de2e0 elementor-widget elementor-widget-image\" data-id=\"73de2e0\" data-element_type=\"widget\" data-widget_type=\"image.default\">\n\t\t\t\t<div class=\"elementor-widget-container\">\n\t\t\t\t\t\t\t\t\t\t\t\t<figure class=\"wp-caption\">\n\t\t\t\t\t\t\t\t\t\t<img width=\"768\" height=\"514\" src=\"http:\/\/janeladazaki.com\/wp-content\/uploads\/2021\/10\/20211002_114105-768x514.jpg\" class=\"attachment-medium_large size-medium_large\" alt=\"\" loading=\"lazy\" srcset=\"http:\/\/janeladazaki.com\/wp-content\/uploads\/2021\/10\/20211002_114105-768x514.jpg 768w, http:\/\/janeladazaki.com\/wp-content\/uploads\/2021\/10\/20211002_114105-300x201.jpg 300w, http:\/\/janeladazaki.com\/wp-content\/uploads\/2021\/10\/20211002_114105-1024x685.jpg 1024w, http:\/\/janeladazaki.com\/wp-content\/uploads\/2021\/10\/20211002_114105-1536x1028.jpg 1536w, http:\/\/janeladazaki.com\/wp-content\/uploads\/2021\/10\/20211002_114105-2048x1371.jpg 2048w, http:\/\/janeladazaki.com\/wp-content\/uploads\/2021\/10\/20211002_114105-448x300.jpg 448w\" sizes=\"(max-width: 768px) 100vw, 768px\" \/>\t\t\t\t\t\t\t\t\t\t\t<figcaption class=\"widget-image-caption wp-caption-text\">Acima, fotos de sua filha Ariane no alojamento. Abaixo, fotos j\u00e1 no apartamento.<\/figcaption>\n\t\t\t\t\t\t\t\t\t\t<\/figure>\n\t\t\t\t\t\t\t\t\t<\/div>\n\t\t\t\t<\/div>\n\t\t\t\t\t<\/div>\n\t\t<\/div>\n\t\t\t\t\t\t\t<\/div>\n\t\t<\/section>\n\t\t\t\t<section class=\"elementor-section elementor-top-section elementor-element elementor-element-09cc444 elementor-section-boxed elementor-section-height-default elementor-section-height-default\" data-id=\"09cc444\" data-element_type=\"section\">\n\t\t\t\t\t\t<div class=\"elementor-container elementor-column-gap-default\">\n\t\t\t\t\t<div class=\"elementor-column elementor-col-100 elementor-top-column elementor-element elementor-element-ffa5dd2\" data-id=\"ffa5dd2\" data-element_type=\"column\">\n\t\t\t<div class=\"elementor-widget-wrap elementor-element-populated\">\n\t\t\t\t\t\t\t\t<div class=\"elementor-element elementor-element-57a2554 elementor-widget elementor-widget-text-editor\" data-id=\"57a2554\" data-element_type=\"widget\" data-widget_type=\"text-editor.default\">\n\t\t\t\t<div class=\"elementor-widget-container\">\n\t\t\t\t\t\t\t<h6><span style=\"font-weight: normal;\">Quando Paulo Maluf prometeu a entrega dos apartamentos, os olhos come\u00e7aram a brilhar de uma forma diferente, sinal de que a campainha do segundo ato tocou. A sonhada casa pr\u00f3pria com \u00e1gua, luz, saneamento b\u00e1sico e endere\u00e7o estava pr\u00f3xima. \u00c1urea estava casada com com seu ex-marido, e sua filha havia acabado de completar um ano. De forma inesperada, um apartamento no bloco 23 vagou. Ansiosos, correram com toda a documenta\u00e7\u00e3o sob o olhar da Assistente Social.\u00a0<\/span><\/h6><h6><span style=\"font-weight: normal;\"> H\u00e1 25 anos \u00c1urea est\u00e1 no ambiente de dois quartos, sala, cozinha, banheiro e lavanderia. L\u00e1, criou seus dois filhos, Ariane Andriele Silva e Cleiton Silva, com direito a comemora\u00e7\u00e3o em todos os anivers\u00e1rios. A m\u00e3e coruja batalhou para garantir o que estava ao seu alcance: bolo, guaran\u00e1 e decora\u00e7\u00e3o n\u00e3o faltavam nas festinhas para os amigos e familiares.\u00a0<\/span><\/h6><h6><span style=\"font-weight: normal;\">Com cinco d\u00e9cadas bem vividas, \u00c1urea escreve agora o terceiro ato de sua vida. Os dois filhos est\u00e3o casados; Cleiton, mora no Rio de Janeiro e Ariane casou h\u00e1 menos de um ano. O apartamento que sempre esteve movimentado, deu lugar ao sil\u00eancio e aos latidos da companhia de sua cachorrinha.\u00a0<\/span><\/h6><h6><span style=\"font-weight: normal;\">Batalhadora, desde os 18 anos \u00c1urea trabalha em casas de fam\u00edlia como dom\u00e9stica. Carioca de sangue, mudava de casa o tempo todo, o que a impediu de completar a escola. Foi com a Irm\u00e3 Bernadete que conseguiu concluir os estudos at\u00e9 a quinta s\u00e9rie. Hoje, se questiona se deveria ter continuado o aprendizado.<\/span><\/h6><h3>\u00a0 \u00a0 \u00a0 \u00a0 \u00a0\u201cMas ainda d\u00e1 tempo, n\u00e9? Depois que passar a pandemia quero voltar a estudar tamb\u00e9m. (&#8230;)\u00a0 \u00a0 \u00a0 \u00a0 \u00a0 \u00a0 \u00a0 \u00a0 \u00a0 \u00a0 \u00a0 \u00a0 \u00a0 \u00a0 \u00a0 \u00a0 \u00a0 \u00a0 \u00a0 \u00a0 \u00a0 \u00a0 \u00a0 \u00a0 \u00a0 \u00a0 \u00a0 \u00a0 Terminar pelo menos o ensino m\u00e9dio.\u201d<\/h3><h6><span style=\"font-weight: normal;\">Cheia de sonhos na bagagem, \u00c1urea n\u00e3o \u00e9 do tipo \u201cZaki minha quebrada, nasci aqui, morri aqui\u201d. \u00c9 fato que se orgulha de ter criado filhos que hoje trilham seus pr\u00f3prios caminhos, ter encontrado amizades verdadeiras no local e um cantinho para chamar de seu.\u00a0<\/span><\/h6><h6><span style=\"font-weight: normal;\">Com o p\u00e9 no ch\u00e3o e em meio a risadas cheias de vida, fala: \u201ceu quero ir embora, n\u00e3o sei pra onde ainda, mas eu quero ir.\u00a0 Tudo tem come\u00e7o, meio e fim. Quero ir, quando tiver a oportunidade, quero ir embora sim. Tamb\u00e9m n\u00e3o \u00e9 s\u00f3 ficar pensando assim, n\u00e9? Tem que correr atr\u00e1s, ver, fazer, melhorar, procurar. A\u00ed uma hora d\u00e1 certo\u201d.<\/span><\/h6>\t\t\t\t\t\t<\/div>\n\t\t\t\t<\/div>\n\t\t\t\t\t<\/div>\n\t\t<\/div>\n\t\t\t\t\t\t\t<\/div>\n\t\t<\/section>\n\t\t\t\t<section class=\"elementor-section elementor-top-section elementor-element elementor-element-5eca7ff elementor-section-boxed elementor-section-height-default elementor-section-height-default\" data-id=\"5eca7ff\" data-element_type=\"section\">\n\t\t\t\t\t\t<div class=\"elementor-container elementor-column-gap-default\">\n\t\t\t\t\t<div class=\"elementor-column elementor-col-100 elementor-top-column elementor-element elementor-element-8bc295a\" data-id=\"8bc295a\" data-element_type=\"column\">\n\t\t\t<div class=\"elementor-widget-wrap elementor-element-populated\">\n\t\t\t\t\t\t\t\t<div class=\"elementor-element elementor-element-a43052e elementor-arrows-position-inside elementor-pagination-position-outside elementor-widget elementor-widget-image-carousel\" data-id=\"a43052e\" data-element_type=\"widget\" data-settings=\"{&quot;slides_to_show&quot;:&quot;1&quot;,&quot;navigation&quot;:&quot;both&quot;,&quot;autoplay&quot;:&quot;yes&quot;,&quot;pause_on_hover&quot;:&quot;yes&quot;,&quot;pause_on_interaction&quot;:&quot;yes&quot;,&quot;autoplay_speed&quot;:5000,&quot;infinite&quot;:&quot;yes&quot;,&quot;effect&quot;:&quot;slide&quot;,&quot;speed&quot;:500}\" data-widget_type=\"image-carousel.default\">\n\t\t\t\t<div class=\"elementor-widget-container\">\n\t\t\t\t\t<div class=\"elementor-image-carousel-wrapper swiper-container\" dir=\"ltr\">\n\t\t\t<div class=\"elementor-image-carousel swiper-wrapper\">\n\t\t\t\t\t\t\t\t<div class=\"swiper-slide\"><figure class=\"swiper-slide-inner\"><img class=\"swiper-slide-image\" src=\"http:\/\/janeladazaki.com\/wp-content\/uploads\/2021\/10\/20211002_112319-768x576.png\" alt=\"20211002_112319\" \/><\/figure><\/div><div class=\"swiper-slide\"><figure class=\"swiper-slide-inner\"><img class=\"swiper-slide-image\" src=\"http:\/\/janeladazaki.com\/wp-content\/uploads\/2021\/10\/20211002_112138-1-768x576.png\" alt=\"20211002_112138\" \/><\/figure><\/div><div class=\"swiper-slide\"><figure class=\"swiper-slide-inner\"><img class=\"swiper-slide-image\" src=\"http:\/\/janeladazaki.com\/wp-content\/uploads\/2021\/10\/20211002_110859-768x576.png\" alt=\"20211002_110859\" \/><\/figure><\/div>\t\t\t<\/div>\n\t\t\t\t\t\t\t\t\t\t\t\t<div class=\"swiper-pagination\"><\/div>\n\t\t\t\t\t\t\t\t\t\t\t\t\t<div class=\"elementor-swiper-button elementor-swiper-button-prev\">\n\t\t\t\t\t\t<i class=\"eicon-chevron-left\" aria-hidden=\"true\"><\/i>\n\t\t\t\t\t\t<span class=\"elementor-screen-only\">Anterior<\/span>\n\t\t\t\t\t<\/div>\n\t\t\t\t\t<div class=\"elementor-swiper-button elementor-swiper-button-next\">\n\t\t\t\t\t\t<i class=\"eicon-chevron-right\" aria-hidden=\"true\"><\/i>\n\t\t\t\t\t\t<span class=\"elementor-screen-only\">Pr\u00f3ximo<\/span>\n\t\t\t\t\t<\/div>\n\t\t\t\t\t\t\t\t\t<\/div>\n\t\t\t\t<\/div>\n\t\t\t\t<\/div>\n\t\t\t\t\t<\/div>\n\t\t<\/div>\n\t\t\t\t\t\t\t<\/div>\n\t\t<\/section>\n\t\t\t\t\t\t<\/div>\n\t\t\t\t\t<\/div>\n\t\t","protected":false},"excerpt":{"rendered":"<p>\u00c1urea Marta Silva est\u00e1 nas ra\u00edzes da Zaki Narchi. Seu sorriso e seus olhos brilham ao falar de sua vida. \u00c1urea lembra o c\u00e9u estrelado. &hellip;<\/p>\n","protected":false},"author":2,"featured_media":0,"parent":33,"menu_order":2,"comment_status":"closed","ping_status":"closed","template":"","meta":[],"_links":{"self":[{"href":"http:\/\/janeladazaki.com\/index.php\/wp-json\/wp\/v2\/pages\/129"}],"collection":[{"href":"http:\/\/janeladazaki.com\/index.php\/wp-json\/wp\/v2\/pages"}],"about":[{"href":"http:\/\/janeladazaki.com\/index.php\/wp-json\/wp\/v2\/types\/page"}],"author":[{"embeddable":true,"href":"http:\/\/janeladazaki.com\/index.php\/wp-json\/wp\/v2\/users\/2"}],"replies":[{"embeddable":true,"href":"http:\/\/janeladazaki.com\/index.php\/wp-json\/wp\/v2\/comments?post=129"}],"version-history":[{"count":55,"href":"http:\/\/janeladazaki.com\/index.php\/wp-json\/wp\/v2\/pages\/129\/revisions"}],"predecessor-version":[{"id":1282,"href":"http:\/\/janeladazaki.com\/index.php\/wp-json\/wp\/v2\/pages\/129\/revisions\/1282"}],"up":[{"embeddable":true,"href":"http:\/\/janeladazaki.com\/index.php\/wp-json\/wp\/v2\/pages\/33"}],"wp:attachment":[{"href":"http:\/\/janeladazaki.com\/index.php\/wp-json\/wp\/v2\/media?parent=129"}],"curies":[{"name":"wp","href":"https:\/\/api.w.org\/{rel}","templated":true}]}}