{"id":135,"date":"2021-10-05T16:53:11","date_gmt":"2021-10-05T19:53:11","guid":{"rendered":"http:\/\/janeladazaki.com\/?page_id=135"},"modified":"2021-11-22T23:46:52","modified_gmt":"2021-11-23T02:46:52","slug":"do-fundao-ao-centro","status":"publish","type":"page","link":"http:\/\/janeladazaki.com\/index.php\/perfis\/do-fundao-ao-centro\/","title":{"rendered":"Do fund\u00e3o ao centro"},"content":{"rendered":"\t\t<div data-elementor-type=\"wp-page\" data-elementor-id=\"135\" class=\"elementor elementor-135\" data-elementor-settings=\"[]\">\n\t\t\t\t\t\t\t<div class=\"elementor-section-wrap\">\n\t\t\t\t\t\t\t<section class=\"elementor-section elementor-top-section elementor-element elementor-element-26a403f elementor-section-boxed elementor-section-height-default elementor-section-height-default\" data-id=\"26a403f\" data-element_type=\"section\">\n\t\t\t\t\t\t<div class=\"elementor-container elementor-column-gap-default\">\n\t\t\t\t\t<div class=\"elementor-column elementor-col-100 elementor-top-column elementor-element elementor-element-18b80a6\" data-id=\"18b80a6\" data-element_type=\"column\">\n\t\t\t<div class=\"elementor-widget-wrap elementor-element-populated\">\n\t\t\t\t\t\t\t\t<div class=\"elementor-element elementor-element-0d8cde6 elementor-widget elementor-widget-text-editor\" data-id=\"0d8cde6\" data-element_type=\"widget\" data-widget_type=\"text-editor.default\">\n\t\t\t\t<div class=\"elementor-widget-container\">\n\t\t\t\t\t\t\t<h6><span style=\"font-weight: normal;\">Quem mora na Zona Norte de S\u00e3o Paulo sabe que cada bairro \u00e9 quase como uma cidade. Cada um<\/span> <span style=\"font-weight: normal;\">com suas peculiaridades, cren\u00e7as e costumes. A Brasil\u00e2ndia, localizada no fund\u00e3o da ZN, abriga o bairro da Vila Penteado. J\u00e1 o Carandiru, mora na divisa entre Santana e Vila Guilherme. De fato, regi\u00e3o mais central da Zona Norte.\u00a0<\/span><\/h6><h6><span style=\"font-weight: normal;\">In\u00fameros cruzamentos que encontram grandes \u00f4nibus durante todo o dia. Uma linha de metr\u00f4 que existe desde 1975, com\u00e9rcios que movimentam o bairro, moradores de rua, usu\u00e1rios de drogas, uma Casa de Deten\u00e7\u00e3o e ru\u00eddos de metr\u00f3pole o dia todo.\u00a0 Cen\u00e1rio ca\u00f3tico. Foi isso o que Aquiles de Silva Souza viu de baixo pra cima quando chegou da Vila Penteado para morar na Favela da Zaki Narchi.<\/span><\/h6><h6><span style=\"font-weight: normal;\">A voz de locutor, o carisma no sorriso e a empatia em sempre olhar ao outro escondem as quatro d\u00e9cadas bem vividas do morador da Zaki Narchi. Aquiles \u00e9 pai de dois filhos, Kauane Vieira de Souza, 21 anos, e Jo\u00e3o Paulo Vieira de Souza, 4 anos, que s\u00e3o combust\u00edvel para sua rotina. Sentado na cama de seu quarto, com o celular em m\u00e3os, precisa fazer uma pausa antes de nossa conversa para pedir que\u00a0 Jo\u00e3o, o el\u00e9trico da fam\u00edlia, pare de saracotear um pouco.\u00a0<\/span><\/h6><h6><span style=\"font-weight: normal;\">H\u00e1 28 anos na comunidade, hoje toma frente de diversas atividades que acontecem na quebrada e \u00e9 membro ativo da Associa\u00e7\u00e3o Sempre Zaki Narchi. A Sempre Zaki Narchi cuida das atividades na quebrada, coleta doa\u00e7\u00f5es e fica em contato pr\u00f3ximo com a Central \u00danica das Favelas.<\/span><\/h6><h6><span style=\"font-weight: normal;\">Desde os 11 anos de idade divide a vida com a Zaki Narchi e para os mais chegados \u00e9 conhecido como Bugu. Infelizmente, Bugu relembra que a Zaki tamb\u00e9m abrigou muita viol\u00eancia em suas entranhas.\u00a0<\/span><\/h6><h3>\u00a0 \u00a0 \u00a0 \u00a0 \u00a0 \u00a0 \u00a0 \u00a0 \u201cO grau de viol\u00eancia era muito grande, \u00e0s vezes a gente abria a porta e tinha que\u00a0 \u00a0 \u00a0 \u00a0 \u00a0 \u00a0 \u00a0 \u00a0 \u00a0 \u00a0 \u00a0 \u00a0 \u00a0 \u00a0 \u00a0 \u00a0 \u00a0 \u00a0 \u00a0 \u00a0 \u00a0 \u00a0 \u00a0 \u00a0 \u00a0 \u00a0 \u00a0 \u00a0 \u00a0 \u00a0 \u00a0 \u00a0 \u00a0 \u00a0 \u00a0 \u00a0 \u00a0 \u00a0 \u00a0 \u00a0 pular um cad\u00e1ver\u201d.<\/h3><h6><span style=\"font-weight: normal;\">O moleque do fund\u00e3o da ZN encontrou uma realidade absurdamente diferente na Favela.<\/span><\/h6>\t\t\t\t\t\t<\/div>\n\t\t\t\t<\/div>\n\t\t\t\t\t<\/div>\n\t\t<\/div>\n\t\t\t\t\t\t\t<\/div>\n\t\t<\/section>\n\t\t\t\t<section class=\"elementor-section elementor-top-section elementor-element elementor-element-343e595 elementor-section-boxed elementor-section-height-default elementor-section-height-default\" data-id=\"343e595\" data-element_type=\"section\">\n\t\t\t\t\t\t<div class=\"elementor-container elementor-column-gap-default\">\n\t\t\t\t\t<div class=\"elementor-column elementor-col-100 elementor-top-column elementor-element elementor-element-e7de74e\" data-id=\"e7de74e\" data-element_type=\"column\">\n\t\t\t<div class=\"elementor-widget-wrap elementor-element-populated\">\n\t\t\t\t\t\t\t\t<div class=\"elementor-element elementor-element-7d02e75 elementor-arrows-position-inside elementor-pagination-position-outside elementor-widget elementor-widget-image-carousel\" data-id=\"7d02e75\" data-element_type=\"widget\" data-settings=\"{&quot;slides_to_show&quot;:&quot;1&quot;,&quot;navigation&quot;:&quot;both&quot;,&quot;autoplay&quot;:&quot;yes&quot;,&quot;pause_on_hover&quot;:&quot;yes&quot;,&quot;pause_on_interaction&quot;:&quot;yes&quot;,&quot;autoplay_speed&quot;:5000,&quot;infinite&quot;:&quot;yes&quot;,&quot;effect&quot;:&quot;slide&quot;,&quot;speed&quot;:500}\" data-widget_type=\"image-carousel.default\">\n\t\t\t\t<div class=\"elementor-widget-container\">\n\t\t\t\t\t<div class=\"elementor-image-carousel-wrapper swiper-container\" dir=\"ltr\">\n\t\t\t<div class=\"elementor-image-carousel swiper-wrapper\">\n\t\t\t\t\t\t\t\t<div class=\"swiper-slide\"><figure class=\"swiper-slide-inner\"><img class=\"swiper-slide-image\" src=\"http:\/\/janeladazaki.com\/wp-content\/uploads\/2021\/10\/WhatsApp-Image-2021-10-26-at-14.29.11.jpeg\" alt=\"Meninas que jogavam futebol na d\u00e9cada de 90 na Zaki. Ao fundo, de camisa listrada, Nego, morador que deu nome ao primeiro time de futebol da Zaki\" \/><figcaption class=\"elementor-image-carousel-caption\">Meninas que jogavam futebol na d\u00e9cada de 90 na Zaki. Ao fundo, de camisa listrada, Nego, morador que deu nome ao primeiro time de futebol da Zaki<\/figcaption><\/figure><\/div><div class=\"swiper-slide\"><figure class=\"swiper-slide-inner\"><img class=\"swiper-slide-image\" src=\"http:\/\/janeladazaki.com\/wp-content\/uploads\/2021\/10\/WhatsApp-Image-2021-10-26-at-14.27.33-768x767.jpeg\" alt=\"Nego Negro, primeiro time da Zaki\" \/><figcaption class=\"elementor-image-carousel-caption\">Nego Negro, primeiro time da Zaki<\/figcaption><\/figure><\/div><div class=\"swiper-slide\"><figure class=\"swiper-slide-inner\"><img class=\"swiper-slide-image\" src=\"http:\/\/janeladazaki.com\/wp-content\/uploads\/2021\/10\/WhatsApp-Image-2021-10-26-at-14.31.54.jpeg\" alt=\"Aquiles jogando na quadra de areia da Zaki\" \/><figcaption class=\"elementor-image-carousel-caption\">Aquiles jogando na quadra de areia da Zaki<\/figcaption><\/figure><\/div><div class=\"swiper-slide\"><figure class=\"swiper-slide-inner\"><img class=\"swiper-slide-image\" src=\"http:\/\/janeladazaki.com\/wp-content\/uploads\/2021\/10\/WhatsApp-Image-2021-10-26-at-14.31.17.jpeg\" alt=\"Aquiles e Ed, em 1998, aos 18 e 20 anos respectivamente\" \/><figcaption class=\"elementor-image-carousel-caption\">Aquiles e Ed, em 1998, aos 18 e 20 anos respectivamente<\/figcaption><\/figure><\/div>\t\t\t<\/div>\n\t\t\t\t\t\t\t\t\t\t\t\t<div class=\"swiper-pagination\"><\/div>\n\t\t\t\t\t\t\t\t\t\t\t\t\t<div class=\"elementor-swiper-button elementor-swiper-button-prev\">\n\t\t\t\t\t\t<i class=\"eicon-chevron-left\" aria-hidden=\"true\"><\/i>\n\t\t\t\t\t\t<span class=\"elementor-screen-only\">Anterior<\/span>\n\t\t\t\t\t<\/div>\n\t\t\t\t\t<div class=\"elementor-swiper-button elementor-swiper-button-next\">\n\t\t\t\t\t\t<i class=\"eicon-chevron-right\" aria-hidden=\"true\"><\/i>\n\t\t\t\t\t\t<span class=\"elementor-screen-only\">Pr\u00f3ximo<\/span>\n\t\t\t\t\t<\/div>\n\t\t\t\t\t\t\t\t\t<\/div>\n\t\t\t\t<\/div>\n\t\t\t\t<\/div>\n\t\t\t\t\t<\/div>\n\t\t<\/div>\n\t\t\t\t\t\t\t<\/div>\n\t\t<\/section>\n\t\t\t\t<section class=\"elementor-section elementor-top-section elementor-element elementor-element-2ee97d7 elementor-section-boxed elementor-section-height-default elementor-section-height-default\" data-id=\"2ee97d7\" data-element_type=\"section\">\n\t\t\t\t\t\t<div class=\"elementor-container elementor-column-gap-default\">\n\t\t\t\t\t<div class=\"elementor-column elementor-col-100 elementor-top-column elementor-element elementor-element-a19f0e5\" data-id=\"a19f0e5\" data-element_type=\"column\">\n\t\t\t<div class=\"elementor-widget-wrap elementor-element-populated\">\n\t\t\t\t\t\t\t\t<div class=\"elementor-element elementor-element-0567491 elementor-widget elementor-widget-text-editor\" data-id=\"0567491\" data-element_type=\"widget\" data-widget_type=\"text-editor.default\">\n\t\t\t\t<div class=\"elementor-widget-container\">\n\t\t\t\t\t\t\t<h6><span style=\"font-weight: normal;\">Esperteza, malandragem, olhar atento ao dia a dia. O molde da comunidade levou Aquiles a evoluir de forma muito r\u00e1pida. O que, em sua vis\u00e3o, n\u00e3o \u00e9 ruim. \u201cInfelizmente s\u00e3o as coisas que a gente tem que ter. V\u00e3o ser olhadas um pouco como ruins, incomuns, mas eu acho que a gente tem que ter uma intelig\u00eancia assim no olhar, um olhar mais esperto, mais\u2026 Pras coisas ruins eu digo, entendeu? Pra maldade\u201d. Entre risadas, conta que hoje em dia \u00e9 at\u00e9 um cara meio neur\u00f3tico com tudo isso.\u00a0<\/span><\/h6><h6><span style=\"font-weight: normal;\">Sempre com muito amor ao pr\u00f3ximo, encontrou no futebol uma forma de proporcionar \u00e0 crian\u00e7ada da comunidade momentos longe do \u00f3cio. Trazer aquilo que n\u00e3o acontecia em sua \u00e9poca. A exemplo de um conhecido na Brasil\u00e2ndia que dava aulas de futebol, fez o mesmo na Zaki.\u00a0<\/span><\/h6><h6><span style=\"font-weight: normal;\">Desde 1995, junto com seu amigo desde a adolesc\u00eancia Ed Carlos, que hoje \u00e9 l\u00edder comunit\u00e1rio da Zaki Narchi, sempre agitou partidas de futebol, quermesses e festas tem\u00e1ticas. Tudo em prol de proporcionar uma boa integra\u00e7\u00e3o aos moradores.\u00a0<\/span><\/h6><h6><span style=\"font-weight: normal;\">A contar de 1998 a bagun\u00e7a do futebol acontece. Sem profissionalismo, um time de meninas foi treinado para jogar contra o time do Colorado do Br\u00e1s. O resultado do jogo foi feio para o time da Zaki, uma verdadeira lapada.\u00a0\u00a0<\/span><\/h6><h3>\u00a0 \u00a0 \u00a0 \u00a0 \u00a0 \u00a0 \u00a0 \u00a0 \u201cEnt\u00e3o falei: &#8216;vamos treinar pra ficar bom&#8217;. Assim come\u00e7ou a nossa parada com o\u00a0 \u00a0 \u00a0 \u00a0 \u00a0 \u00a0 \u00a0 \u00a0 \u00a0 \u00a0 \u00a0 \u00a0 \u00a0 \u00a0 \u00a0 \u00a0futebol na comunidade, mas a escolinha mesmo foi sair de 2015 para 2016\u201d, conta Bugu.<\/h3><h6><span style=\"font-weight: normal;\">O primeiro time oficial de futebol da quebrada nasceu em 1999. Como homenagem para um dos amigos, o nome foi Nego Negro. Nego, grande amigo de Aquiles, foi assassinado em chacina no Jardim Brasil, no mesmo ano.\u00a0<\/span><\/h6><h6><span style=\"font-weight: normal;\">Com carinho, Aquiles lembra de outro de seus amigos que foi levado a tiros e ainda conta que Gal, outro morador l\u00e1 da Zaki, tamb\u00e9m estava no momento, levou dois tiros, e por fim, sobreviveu. &#8220;Todos fazem parte da minha hist\u00f3ria&#8221;, finaliza com a voz cheia de saudade.\u00a0<\/span><\/h6><h6><span style=\"font-weight: normal;\">Desde ent\u00e3o, o futebol tem aproximado a comunidade, que como Aquiles conta, n\u00e3o \u00e9 l\u00e1 muito unida. Hoje, de segunda a sexta, treinam por volta de 150 crian\u00e7as, entre meninos e meninas. Com a pandemia, a atividade foi reduzida.<\/span><\/h6><h6><span style=\"font-weight: normal;\">Aquiles encontrou no molde da Zaki Narchi sua fam\u00edlia e, no outro,\u00a0 a oportunidade de fazer brilhar aquilo que sempre quis ver na comunidade: a uni\u00e3o atrelada a sorrisos.\u00a0Ao lado de Ed, Aquiles toma frente de diversos projetos da Zaki, dentre eles, o Dia Z, que movimenta mais de 800 crian\u00e7as no dia 12 de outubro e proporciona in\u00fameras atividades de recrea\u00e7\u00e3o.\u00a0<\/span><\/h6><h3>\u201cTem coisas que se eu n\u00e3o tivesse morando aqui, eu acho que n\u00e3o ia chegar onde cheguei, quem eu sou.\u201d<\/h3><h6><span style=\"font-weight: normal;\">Falar sobre Aquiles sem falar de Zaki Narchi \u00e9 quase como falar sobre arroz sem feij\u00e3o.\u00a0<\/span><\/h6>\t\t\t\t\t\t<\/div>\n\t\t\t\t<\/div>\n\t\t\t\t\t<\/div>\n\t\t<\/div>\n\t\t\t\t\t\t\t<\/div>\n\t\t<\/section>\n\t\t\t\t<section class=\"elementor-section elementor-top-section elementor-element elementor-element-447228a elementor-section-boxed elementor-section-height-default elementor-section-height-default\" data-id=\"447228a\" data-element_type=\"section\">\n\t\t\t\t\t\t<div class=\"elementor-container elementor-column-gap-default\">\n\t\t\t\t\t<div class=\"elementor-column elementor-col-100 elementor-top-column elementor-element elementor-element-1849c9a\" data-id=\"1849c9a\" data-element_type=\"column\">\n\t\t\t<div class=\"elementor-widget-wrap elementor-element-populated\">\n\t\t\t\t\t\t\t\t<div class=\"elementor-element elementor-element-4fdc3e2 elementor-arrows-position-inside elementor-pagination-position-outside elementor-widget elementor-widget-image-carousel\" data-id=\"4fdc3e2\" data-element_type=\"widget\" data-settings=\"{&quot;slides_to_show&quot;:&quot;1&quot;,&quot;navigation&quot;:&quot;both&quot;,&quot;autoplay&quot;:&quot;yes&quot;,&quot;pause_on_hover&quot;:&quot;yes&quot;,&quot;pause_on_interaction&quot;:&quot;yes&quot;,&quot;autoplay_speed&quot;:5000,&quot;infinite&quot;:&quot;yes&quot;,&quot;effect&quot;:&quot;slide&quot;,&quot;speed&quot;:500}\" data-widget_type=\"image-carousel.default\">\n\t\t\t\t<div class=\"elementor-widget-container\">\n\t\t\t\t\t<div class=\"elementor-image-carousel-wrapper swiper-container\" dir=\"ltr\">\n\t\t\t<div class=\"elementor-image-carousel swiper-wrapper\">\n\t\t\t\t\t\t\t\t<div class=\"swiper-slide\"><figure class=\"swiper-slide-inner\"><img class=\"swiper-slide-image\" src=\"http:\/\/janeladazaki.com\/wp-content\/uploads\/2021\/10\/20211012_133353-768x576.png\" alt=\"No Dia Z, Aquiles apita partida de futebol feminino\" \/><figcaption class=\"elementor-image-carousel-caption\">No Dia Z, Aquiles apita partida de futebol feminino<\/figcaption><\/figure><\/div><div class=\"swiper-slide\"><figure class=\"swiper-slide-inner\"><img class=\"swiper-slide-image\" src=\"http:\/\/janeladazaki.com\/wp-content\/uploads\/2021\/10\/20211012_1301300-768x576.png\" alt=\"Aquiles com seu filho mais novo, Jo\u00e3o Paulo\" \/><figcaption class=\"elementor-image-carousel-caption\">Aquiles com seu filho mais novo, Jo\u00e3o Paulo<\/figcaption><\/figure><\/div><div class=\"swiper-slide\"><figure class=\"swiper-slide-inner\"><img class=\"swiper-slide-image\" src=\"http:\/\/janeladazaki.com\/wp-content\/uploads\/2021\/10\/20211012_133535-768x576.png\" alt=\"20211012_133535\" \/><\/figure><\/div><div class=\"swiper-slide\"><figure class=\"swiper-slide-inner\"><img class=\"swiper-slide-image\" src=\"http:\/\/janeladazaki.com\/wp-content\/uploads\/2021\/10\/20211012_130126-768x576.png\" alt=\"20211012_130126\" \/><\/figure><\/div><div class=\"swiper-slide\"><figure class=\"swiper-slide-inner\"><img class=\"swiper-slide-image\" src=\"http:\/\/janeladazaki.com\/wp-content\/uploads\/2021\/10\/20211012_133419-768x576.png\" alt=\"20211012_133419\" \/><\/figure><\/div>\t\t\t<\/div>\n\t\t\t\t\t\t\t\t\t\t\t\t<div class=\"swiper-pagination\"><\/div>\n\t\t\t\t\t\t\t\t\t\t\t\t\t<div class=\"elementor-swiper-button elementor-swiper-button-prev\">\n\t\t\t\t\t\t<i class=\"eicon-chevron-left\" aria-hidden=\"true\"><\/i>\n\t\t\t\t\t\t<span class=\"elementor-screen-only\">Anterior<\/span>\n\t\t\t\t\t<\/div>\n\t\t\t\t\t<div class=\"elementor-swiper-button elementor-swiper-button-next\">\n\t\t\t\t\t\t<i class=\"eicon-chevron-right\" aria-hidden=\"true\"><\/i>\n\t\t\t\t\t\t<span class=\"elementor-screen-only\">Pr\u00f3ximo<\/span>\n\t\t\t\t\t<\/div>\n\t\t\t\t\t\t\t\t\t<\/div>\n\t\t\t\t<\/div>\n\t\t\t\t<\/div>\n\t\t\t\t\t<\/div>\n\t\t<\/div>\n\t\t\t\t\t\t\t<\/div>\n\t\t<\/section>\n\t\t\t\t\t\t<\/div>\n\t\t\t\t\t<\/div>\n\t\t","protected":false},"excerpt":{"rendered":"<p>Quem mora na Zona Norte de S\u00e3o Paulo sabe que cada bairro \u00e9 quase como uma cidade. Cada um com suas peculiaridades, cren\u00e7as e costumes. &hellip;<\/p>\n","protected":false},"author":2,"featured_media":0,"parent":33,"menu_order":5,"comment_status":"closed","ping_status":"closed","template":"","meta":[],"_links":{"self":[{"href":"http:\/\/janeladazaki.com\/index.php\/wp-json\/wp\/v2\/pages\/135"}],"collection":[{"href":"http:\/\/janeladazaki.com\/index.php\/wp-json\/wp\/v2\/pages"}],"about":[{"href":"http:\/\/janeladazaki.com\/index.php\/wp-json\/wp\/v2\/types\/page"}],"author":[{"embeddable":true,"href":"http:\/\/janeladazaki.com\/index.php\/wp-json\/wp\/v2\/users\/2"}],"replies":[{"embeddable":true,"href":"http:\/\/janeladazaki.com\/index.php\/wp-json\/wp\/v2\/comments?post=135"}],"version-history":[{"count":73,"href":"http:\/\/janeladazaki.com\/index.php\/wp-json\/wp\/v2\/pages\/135\/revisions"}],"predecessor-version":[{"id":1303,"href":"http:\/\/janeladazaki.com\/index.php\/wp-json\/wp\/v2\/pages\/135\/revisions\/1303"}],"up":[{"embeddable":true,"href":"http:\/\/janeladazaki.com\/index.php\/wp-json\/wp\/v2\/pages\/33"}],"wp:attachment":[{"href":"http:\/\/janeladazaki.com\/index.php\/wp-json\/wp\/v2\/media?parent=135"}],"curies":[{"name":"wp","href":"https:\/\/api.w.org\/{rel}","templated":true}]}}