{"id":137,"date":"2021-10-05T16:53:24","date_gmt":"2021-10-05T19:53:24","guid":{"rendered":"http:\/\/janeladazaki.com\/?page_id=137"},"modified":"2021-11-22T23:58:11","modified_gmt":"2021-11-23T02:58:11","slug":"mae-sujeito-verbo-e-predicado","status":"publish","type":"page","link":"http:\/\/janeladazaki.com\/index.php\/perfis\/mae-sujeito-verbo-e-predicado\/","title":{"rendered":"M\u00e3e: sujeito, verbo e predicado"},"content":{"rendered":"\t\t<div data-elementor-type=\"wp-page\" data-elementor-id=\"137\" class=\"elementor elementor-137\" data-elementor-settings=\"[]\">\n\t\t\t\t\t\t\t<div class=\"elementor-section-wrap\">\n\t\t\t\t\t\t\t<section class=\"elementor-section elementor-top-section elementor-element elementor-element-c8d50ba elementor-section-boxed elementor-section-height-default elementor-section-height-default\" data-id=\"c8d50ba\" data-element_type=\"section\">\n\t\t\t\t\t\t<div class=\"elementor-container elementor-column-gap-default\">\n\t\t\t\t\t<div class=\"elementor-column elementor-col-100 elementor-top-column elementor-element elementor-element-9733481\" data-id=\"9733481\" data-element_type=\"column\">\n\t\t\t<div class=\"elementor-widget-wrap elementor-element-populated\">\n\t\t\t\t\t\t\t\t<div class=\"elementor-element elementor-element-c15b833 elementor-widget elementor-widget-text-editor\" data-id=\"c15b833\" data-element_type=\"widget\" data-widget_type=\"text-editor.default\">\n\t\t\t\t<div class=\"elementor-widget-container\">\n\t\t\t\t\t\t\t<h6><span style=\"font-weight: normal;\">Com os cabelos loiros platinados at\u00e9 o ombro, sentada na beliche do quarto das crian\u00e7as, Vanessa Lima, 28 anos, come\u00e7a nossa conversa contando que Laura pegou seu isqueiro esses dias para tr\u00e1s e colocou fogo em seu cabelo. Um susto e tanto! A ca\u00e7ula de seus 3 filhos gosta de uma folia e um bom papo.\u00a0<\/span><\/h6><h6><span style=\"font-weight: normal;\">Aos 28 anos, Vanessa, ao lado de seu marido, cria tr\u00eas: Rodrigo Silva, 14 anos, Lara Chrystine Silva, 12 anos e Laura Lyndisen Silva, 6 anos. Lara e Laura, geradas em seu ventre; Rodrigo, no cora\u00e7\u00e3o. Antes de assumir a maternidade de Rodrigo, Vanessa \u00e9 sua irm\u00e3 mais velha. Desde os 19 anos o tem como filho, miss\u00e3o que abalou as estruturas.\u00a0<\/span><\/h6><h6><span style=\"font-weight: normal;\">Prestes a completar duas d\u00e9cadas de vida, Vanessa trabalhava em um sal\u00e3o de beleza em Santana. Fazia unha, cabelo, fechava caixa, abria o sal\u00e3o, comprava material, de tudo um pouco. Em meados da segunda semana de janeiro de 2012, sua m\u00e3e ficou doente e Vanessa ficou 15 dias sem ir trabalhar para focar o olhar na sa\u00fade daquela que j\u00e1 havia dedicado b\u00e1lsamos de amor a ela.\u00a0<\/span><\/h6><h6><span style=\"font-weight: normal;\">Como CLT, Vanessa n\u00e3o poderia ficar um dia a mais sem trabalhar, j\u00e1 que perderia seu emprego. A m\u00e3e &#8211; que sentia um forte formigamento na barriga, n\u00e3o se alimentava, bebia apenas \u00e1gua gelada e fumava &#8211; acalmou a filha e disse para ela ir at\u00e9 o sal\u00e3o.\u00a0<\/span><\/h6><h3>\u00a0 \u00a0 \u00a0 \u00a0 \u00a0 \u00a0 \u00a0 \u00a0 \u00a0 \u00a0 \u00a0 \u00a0 \u201cNaquele dia acho que ela j\u00e1 tava meio que pressentindo\u201d, conta Vanessa.<\/h3><h6><span style=\"font-weight: normal;\">Ap\u00f3s muita insist\u00eancia, um abra\u00e7o apertado e um beijo cheio de carinho, sua m\u00e3e disse que a amava e que ela deveria ir trabalhar, porque caso falecesse, quem iria cuidar das crian\u00e7as? Atordoada, Vanessa foi at\u00e9 o sal\u00e3o e conversou com seu patr\u00e3o, que pediu a ela que ficasse no local por um curto per\u00edodo at\u00e9 que ele voltasse do banco.<\/span><\/h6><h6><span style=\"font-weight: normal;\">Neste meio tempo, Vanessa come\u00e7ou a atender duas clientes e recebeu uma liga\u00e7\u00e3o que dizia: \u201cFilha, n\u00e3o estou bem. Tem como voc\u00ea vir pra casa para me levar no m\u00e9dico? Estou sentindo falta de ar e uma dor muito forte no peito\u201d. Como n\u00e3o podia sair do sal\u00e3o no momento, Vanessa ligou para uma prima que acompanhou sua m\u00e3e at\u00e9 o Hospital do Mandaqui.\u00a0<\/span><\/h6><h6><span style=\"font-weight: normal;\">40 minutos depois, a tela do celular brilhou novamente. Era sua prima pedindo que Vanessa fosse at\u00e9 o hospital assinar alguns pap\u00e9is da interna\u00e7\u00e3o de sua m\u00e3e, que tinha passado mal no ponto de \u00f4nibus e havia sido socorrida por um amigo da comunidade.\u00a0<\/span><\/h6><h3>\u00a0 \u00a0 \u00a0 \u00a0 \u00a0 \u00a0 \u00a0 \u00a0 \u00a0 \u201cNaquele momento ali, era como se eu j\u00e1 soubesse que n\u00e3o era aquilo que ela estava\u00a0 \u00a0 \u00a0 \u00a0 \u00a0 \u00a0 \u00a0 \u00a0 \u00a0 \u00a0 \u00a0 \u00a0 \u00a0 \u00a0 \u00a0 \u00a0 \u00a0 \u00a0 \u00a0 \u00a0 \u00a0 \u00a0 \u00a0 \u00a0 \u00a0 \u00a0 \u00a0 \u00a0 \u00a0 \u00a0 \u00a0 \u00a0 \u00a0 \u00a0 \u00a0 \u00a0 \u00a0 \u00a0 \u00a0 \u00a0 falando pra mim\u201d.<span style=\"font-weight: 400;\">\u00a0<\/span><\/h3><h6><span style=\"font-weight: normal;\">Apressadamente, Vanessa deixou as clientes de molho no sal\u00e3o, pegou a bolsa e saiu correndo de jaleco e luvas nas m\u00e3os. O desejo era apenas estar com sua m\u00e3e. Chegou correndo na sala de emerg\u00eancia do hospital e topou em um saco azul no ch\u00e3o com as roupas de sua m\u00e3e. O cora\u00e7\u00e3o j\u00e1 n\u00e3o sabia mais para onde ir, o nervosismo tomou conta e os m\u00e9dicos n\u00e3o davam respostas a ela por conta de seu estado de choque.\u00a0<\/span><\/h6><h6><span style=\"font-weight: normal;\">Acompanhada de seu marido, que chegou certo tempo depois e mais calma por ter ao lado seu porto seguro, Vanessa ouviu do m\u00e9dico: \u201cVou levar voc\u00ea para ver sua m\u00e3e, mas a senhora tem que ser forte\u201d. No momento, o ch\u00e3o se abriu e a verdade n\u00e3o precisava mais ser dita. Quando se deu conta, Vanessa estava no necrot\u00e9rio do hospital. Um infarto havia levado sua m\u00e3e.<\/span><\/h6><h3>\u00a0 \u00a0 \u00a0 \u00a0 \u00a0 \u00a0\u201cSinceramente, assim, eu fiquei sem ch\u00e3o, sem palavras, sem nada. Eu s\u00f3 pensava o que eu\u00a0 \u00a0 \u00a0 \u00a0 \u00a0 \u00a0 \u00a0 \u00a0 \u00a0 \u00a0 \u00a0 \u00a0 \u00a0 \u00a0 \u00a0 \u00a0 iria fazer em rela\u00e7\u00e3o \u00e0s crian\u00e7as. na \u00e9poca era o meu irm\u00e3o Rodrigo e a Lara.\u00a0 \u00a0 \u00a0 \u00a0 \u00a0 \u00a0 \u00a0 \u00a0 \u00a0 \u00a0 \u00a0 \u00a0 \u00a0 \u00a0 \u00a0 \u00a0 \u00a0 \u00a0 \u00a0 \u00a0 \u00a0 \u00a0 \u00a0 \u00a0 \u00a0 \u00a0 \u00a0 \u00a0Hoje em dia eu falo \u2018os meus filhos\u2019 porque s\u00e3o os meus filhos.\u201d<\/h3>\t\t\t\t\t\t<\/div>\n\t\t\t\t<\/div>\n\t\t\t\t\t<\/div>\n\t\t<\/div>\n\t\t\t\t\t\t\t<\/div>\n\t\t<\/section>\n\t\t\t\t<section class=\"elementor-section elementor-top-section elementor-element elementor-element-60ef136 elementor-section-boxed elementor-section-height-default elementor-section-height-default\" data-id=\"60ef136\" data-element_type=\"section\">\n\t\t\t\t\t\t<div class=\"elementor-container elementor-column-gap-default\">\n\t\t\t\t\t<div class=\"elementor-column elementor-col-100 elementor-top-column elementor-element elementor-element-3ceb89f\" data-id=\"3ceb89f\" data-element_type=\"column\">\n\t\t\t<div class=\"elementor-widget-wrap elementor-element-populated\">\n\t\t\t\t\t\t\t\t<div class=\"elementor-element elementor-element-d821050 elementor-arrows-position-inside elementor-pagination-position-outside elementor-widget elementor-widget-image-carousel\" data-id=\"d821050\" data-element_type=\"widget\" data-settings=\"{&quot;slides_to_show&quot;:&quot;2&quot;,&quot;navigation&quot;:&quot;both&quot;,&quot;autoplay&quot;:&quot;yes&quot;,&quot;pause_on_hover&quot;:&quot;yes&quot;,&quot;pause_on_interaction&quot;:&quot;yes&quot;,&quot;autoplay_speed&quot;:5000,&quot;infinite&quot;:&quot;yes&quot;,&quot;speed&quot;:500}\" data-widget_type=\"image-carousel.default\">\n\t\t\t\t<div class=\"elementor-widget-container\">\n\t\t\t\t\t<div class=\"elementor-image-carousel-wrapper swiper-container\" dir=\"ltr\">\n\t\t\t<div class=\"elementor-image-carousel swiper-wrapper\">\n\t\t\t\t\t\t\t\t<div class=\"swiper-slide\"><figure class=\"swiper-slide-inner\"><img class=\"swiper-slide-image\" src=\"http:\/\/janeladazaki.com\/wp-content\/uploads\/2021\/10\/20211022_165355-768x1024.jpg\" alt=\"Vanessa com sua m\u00e3e e tia, respectivamente\" \/><figcaption class=\"elementor-image-carousel-caption\">Vanessa com sua m\u00e3e e tia, respectivamente<\/figcaption><\/figure><\/div><div class=\"swiper-slide\"><figure class=\"swiper-slide-inner\"><img class=\"swiper-slide-image\" src=\"http:\/\/janeladazaki.com\/wp-content\/uploads\/2021\/10\/20211022_165608-768x1024.jpg\" alt=\"Vanessa com sua av\u00f3 e pai, respectivamente\" \/><figcaption class=\"elementor-image-carousel-caption\">Vanessa com sua av\u00f3 e pai, respectivamente<\/figcaption><\/figure><\/div><div class=\"swiper-slide\"><figure class=\"swiper-slide-inner\"><img class=\"swiper-slide-image\" src=\"http:\/\/janeladazaki.com\/wp-content\/uploads\/2021\/10\/20211022_170415-768x1024.jpg\" alt=\"20211022_170415\" \/><\/figure><\/div><div class=\"swiper-slide\"><figure class=\"swiper-slide-inner\"><img class=\"swiper-slide-image\" src=\"http:\/\/janeladazaki.com\/wp-content\/uploads\/2021\/10\/20211022_170438-768x1024.jpg\" alt=\"20211022_170438\" \/><\/figure><\/div><div class=\"swiper-slide\"><figure class=\"swiper-slide-inner\"><img class=\"swiper-slide-image\" src=\"http:\/\/janeladazaki.com\/wp-content\/uploads\/2021\/10\/20211022_170521-768x1024.jpg\" alt=\"Vanessa com seu pai\" \/><figcaption class=\"elementor-image-carousel-caption\">Vanessa com seu pai<\/figcaption><\/figure><\/div><div class=\"swiper-slide\"><figure class=\"swiper-slide-inner\"><img class=\"swiper-slide-image\" src=\"http:\/\/janeladazaki.com\/wp-content\/uploads\/2021\/10\/20211022_170846-768x1024.jpg\" alt=\"Diego, irm\u00e3o de Vanessa e ela em seu anivers\u00e1rio de 15 anos\" \/><figcaption class=\"elementor-image-carousel-caption\">Diego, irm\u00e3o de Vanessa e ela em seu anivers\u00e1rio de 15 anos<\/figcaption><\/figure><\/div>\t\t\t<\/div>\n\t\t\t\t\t\t\t\t\t\t\t\t<div class=\"swiper-pagination\"><\/div>\n\t\t\t\t\t\t\t\t\t\t\t\t\t<div class=\"elementor-swiper-button elementor-swiper-button-prev\">\n\t\t\t\t\t\t<i class=\"eicon-chevron-left\" aria-hidden=\"true\"><\/i>\n\t\t\t\t\t\t<span class=\"elementor-screen-only\">Anterior<\/span>\n\t\t\t\t\t<\/div>\n\t\t\t\t\t<div class=\"elementor-swiper-button elementor-swiper-button-next\">\n\t\t\t\t\t\t<i class=\"eicon-chevron-right\" aria-hidden=\"true\"><\/i>\n\t\t\t\t\t\t<span class=\"elementor-screen-only\">Pr\u00f3ximo<\/span>\n\t\t\t\t\t<\/div>\n\t\t\t\t\t\t\t\t\t<\/div>\n\t\t\t\t<\/div>\n\t\t\t\t<\/div>\n\t\t\t\t\t<\/div>\n\t\t<\/div>\n\t\t\t\t\t\t\t<\/div>\n\t\t<\/section>\n\t\t\t\t<section class=\"elementor-section elementor-top-section elementor-element elementor-element-6aabd67 elementor-section-boxed elementor-section-height-default elementor-section-height-default\" data-id=\"6aabd67\" data-element_type=\"section\">\n\t\t\t\t\t\t<div class=\"elementor-container elementor-column-gap-default\">\n\t\t\t\t\t<div class=\"elementor-column elementor-col-100 elementor-top-column elementor-element elementor-element-d48e0af\" data-id=\"d48e0af\" data-element_type=\"column\">\n\t\t\t<div class=\"elementor-widget-wrap elementor-element-populated\">\n\t\t\t\t\t\t\t\t<div class=\"elementor-element elementor-element-d4be16d elementor-widget elementor-widget-text-editor\" data-id=\"d4be16d\" data-element_type=\"widget\" data-widget_type=\"text-editor.default\">\n\t\t\t\t<div class=\"elementor-widget-container\">\n\t\t\t\t\t\t\t<h6><span style=\"font-weight: normal;\">Cerca de 3 meses depois e muitas noites em claro chorando, Rodrigo perguntou: \u201cMana, a mam\u00e3e n\u00e3o volta mais?\u201d. Vanessa novamente explicou com todo carinho que ela n\u00e3o voltaria. \u201cMas cad\u00ea minha m\u00e3e?\u201d. Era noite, Vanessa chamou Rodrigo e Lara at\u00e9 o sof\u00e1 que ficava na parede janela e perguntou a eles qual era a estrela que mais brilhava. Apoiado, Rodrigo apontou e disse:<\/span>\u00a0<\/h6><h3>\u00a0 \u00a0 \u00a0 \u00a0 \u00a0 \u00a0 \u00a0 \u00a0 \u00a0 \u00a0 \u00a0 \u00a0 \u00a0 \u00a0 \u00a0 \u00a0 \u00a0 \u00a0 \u00a0 \u00a0 \u00a0 \u00a0 \u00a0 \u00a0 \u00a0 \u00a0\u201cAquela estrela \u00e9 a mam\u00e3e, n\u00e9, mana?\u201d.<span style=\"font-weight: 400;\">\u00a0<\/span><\/h3><h6><span style=\"font-weight: normal;\">E a partir daquele dia, Rodrigo e Lara n\u00e3o dormiam sem dar boa noite para a estrela mais brilhante do c\u00e9u. \u201cAli eu me dei conta que se n\u00e3o fosse eu, n\u00e3o ia ser ningu\u00e9m que pudesse fazer por eles o que eu fa\u00e7o hoje\u201d, diz Vanessa ap\u00f3s passar muitos meses tentando digerir essa nova realidade.\u00a0<\/span><\/h6><h6><span style=\"font-weight: normal;\">Depois de um tempo, Rodrigo passou a chamar Vanessa de m\u00e3e, naturalmente. E \u00e9 assim at\u00e9 hoje. Para que o pequeno n\u00e3o se esque\u00e7a de sua m\u00e3e de sangue, Vanessa conta que sempre se preocupou em mostrar fotos a ele e conversar sobre a m\u00e3e:\u00a0<\/span><\/h6><h3>\u00a0 \u00a0 \u00a0 \u00a0 \u00a0 \u00a0 \u00a0 \u00a0 \u00a0 \u00a0 \u00a0 \u00a0 \u201ceu sempre zelei por isso, fazer com que ele soubesse que ela sempre foi a\u00a0 \u00a0 \u00a0 \u00a0 \u00a0 \u00a0 \u00a0 \u00a0 \u00a0 \u00a0 \u00a0 \u00a0 \u00a0 \u00a0 \u00a0 \u00a0 \u00a0 \u00a0 \u00a0 \u00a0 \u00a0 \u00a0 \u00a0 \u00a0 \u00a0 \u00a0 \u00a0m\u00e3e, era a m\u00e3e. E eu s\u00f3 era m\u00e3e por conta do que fa\u00e7o, pelo modo\u00a0 \u00a0 \u00a0 \u00a0 \u00a0 \u00a0 \u00a0 \u00a0 \u00a0 \u00a0 \u00a0 \u00a0 \u00a0 \u00a0 \u00a0 \u00a0 \u00a0 \u00a0 \u00a0 \u00a0 \u00a0 \u00a0 \u00a0 \u00a0 \u00a0 \u00a0 \u00a0 que crio, pelo carinho que eu dou. N\u00e3o que eu tenha ficado no lugar dela\u201d.<\/h3><h6><span style=\"font-weight: normal;\">Por anos, Vanessa, seu marido e seus tr\u00eas filhos dividiram um quarto do apartamento de 40m\u00b2 na Zaki. No local, ap\u00f3s sua m\u00e3e falecer, moravam os cinco, seu irm\u00e3o, a cunhada e um sobrinho. A conviv\u00eancia n\u00e3o foi nada f\u00e1cil, o dinheiro sa\u00eda sempre do bolso da fam\u00edlia de Vanessa, enquanto seu irm\u00e3o e cunhada n\u00e3o se esfor\u00e7avam muito para manter um ambiente bom para todos.\u00a0<\/span><\/h6><h6><span style=\"font-weight: normal;\">No quarto que era a casa deles, Vanessa, seu marido e Laura dividiam uma cama de casal; Rodrigo e Lara um colch\u00e3o de solteiro no ch\u00e3o em que dormiam um para cima e outro para baixo; uma televis\u00e3o e um pequeno guarda-roupa. A vida acontecia ali dentro, momentos de risada, momentos de sufoco, e todas as lembran\u00e7as do per\u00edodo.\u00a0<\/span><\/h6><h6><span style=\"font-weight: normal;\">Tr\u00eas anos atr\u00e1s, mudaram-se para um apartamento no andar t\u00e9rreo do bloco 19. A mudan\u00e7a se resumiu aos pertences que estavam no quarto, somados a dois pratos e dois pares de talheres. &#8220;A gente arrumou um anjo na \u00e9poca, que \u00e9 a minha vizinha aqui, a Dona Tereza&#8221;. Mesmo sem ter intimidade com a fam\u00edlia na \u00e9poca, Dona Tereza emprestou a eles uma quantia suficiente para que comprassem uma geladeira e um fog\u00e3o.<\/span><\/h6><h6><span style=\"font-weight: normal;\">Na Zaki Narchi, Vanessa foi obrigada a aprender a viver. Construiu fam\u00edlia, dividiu seu tempo entre o lar e algumas clientes de beleza. Vanessa aprendeu na marra a ser m\u00e3e, com todo o apoio e educa\u00e7\u00e3o que sua m\u00e3e forneceu. Hoje, comemora por garantir aos<\/span> <span style=\"font-weight: normal;\">filhos uma vida tranquila: um quarto com a privacidade deles, o Mc Donald\u2019s de vez em quando e a certeza de que a fam\u00edlia \u00e9 o porto de cada um deles.\u00a0<\/span><\/h6><h6><span style=\"font-weight: normal;\">Na Associa\u00e7\u00e3o Sempre Zaki Narchi, Vanessa encontrou a forma de se doar e curar suas feridas que a acompanharam e acompanham por muito tempo. Ap\u00f3s perder sua m\u00e3e, come\u00e7ou a ter ataques repentinos de ansiedade e pensamentos intrusivos. Com o trabalho volunt\u00e1rio que faz na Associa\u00e7\u00e3o, conta que consegue ocupar a mente e \u00e9 grata por ajudar a comunidade, outras fam\u00edlias e crian\u00e7as que ainda se encontram passando aperto.\u00a0<\/span><\/h6><h6><span style=\"font-weight: normal;\">Na vida, Vanessa aprendeu com sua m\u00e3e. Hoje, \u00e9 m\u00e3e de um de seus irm\u00e3os e de duas meninas que alegram a vida na Zaki. Aqui, a palavra m\u00e3e n\u00e3o \u00e9 apenas um substantivo feminino, \u00e9 tamb\u00e9m\u00a0 adjetivo, sujeito, predicado da vida de Vanessa e seus pequenos que t\u00eam a sorte de t\u00ea-la.\u00a0<\/span><\/h6>\t\t\t\t\t\t<\/div>\n\t\t\t\t<\/div>\n\t\t\t\t\t<\/div>\n\t\t<\/div>\n\t\t\t\t\t\t\t<\/div>\n\t\t<\/section>\n\t\t\t\t<section class=\"elementor-section elementor-top-section elementor-element elementor-element-79f21bc elementor-section-boxed elementor-section-height-default elementor-section-height-default\" data-id=\"79f21bc\" data-element_type=\"section\">\n\t\t\t\t\t\t<div class=\"elementor-container elementor-column-gap-default\">\n\t\t\t\t\t<div class=\"elementor-column elementor-col-100 elementor-top-column elementor-element elementor-element-7f2fd08\" data-id=\"7f2fd08\" data-element_type=\"column\">\n\t\t\t<div class=\"elementor-widget-wrap elementor-element-populated\">\n\t\t\t\t\t\t\t\t<div class=\"elementor-element elementor-element-fbd4cff elementor-arrows-position-inside elementor-pagination-position-outside elementor-widget elementor-widget-image-carousel\" data-id=\"fbd4cff\" data-element_type=\"widget\" data-settings=\"{&quot;slides_to_show&quot;:&quot;1&quot;,&quot;navigation&quot;:&quot;both&quot;,&quot;autoplay&quot;:&quot;yes&quot;,&quot;pause_on_hover&quot;:&quot;yes&quot;,&quot;pause_on_interaction&quot;:&quot;yes&quot;,&quot;autoplay_speed&quot;:5000,&quot;infinite&quot;:&quot;yes&quot;,&quot;effect&quot;:&quot;slide&quot;,&quot;speed&quot;:500}\" data-widget_type=\"image-carousel.default\">\n\t\t\t\t<div class=\"elementor-widget-container\">\n\t\t\t\t\t<div class=\"elementor-image-carousel-wrapper swiper-container\" dir=\"ltr\">\n\t\t\t<div class=\"elementor-image-carousel swiper-wrapper\">\n\t\t\t\t\t\t\t\t<div class=\"swiper-slide\"><figure class=\"swiper-slide-inner\"><img class=\"swiper-slide-image\" src=\"http:\/\/janeladazaki.com\/wp-content\/uploads\/2021\/10\/20211022_165105-Copia-768x576.png\" alt=\"20211022_165105 - Copia\" \/><\/figure><\/div><div class=\"swiper-slide\"><figure class=\"swiper-slide-inner\"><img class=\"swiper-slide-image\" src=\"http:\/\/janeladazaki.com\/wp-content\/uploads\/2021\/10\/20211022_172846-Copia-768x576.png\" alt=\"20211022_172846 - Copia\" \/><\/figure><\/div><div class=\"swiper-slide\"><figure class=\"swiper-slide-inner\"><img class=\"swiper-slide-image\" src=\"http:\/\/janeladazaki.com\/wp-content\/uploads\/2021\/10\/20211022_172839-Copia-768x576.png\" alt=\"20211022_172839 - Copia\" \/><\/figure><\/div><div class=\"swiper-slide\"><figure class=\"swiper-slide-inner\"><img class=\"swiper-slide-image\" src=\"http:\/\/janeladazaki.com\/wp-content\/uploads\/2021\/10\/20211022_172835-Copia-768x576.png\" alt=\"20211022_172835 - Copia\" \/><\/figure><\/div><div class=\"swiper-slide\"><figure class=\"swiper-slide-inner\"><img class=\"swiper-slide-image\" src=\"http:\/\/janeladazaki.com\/wp-content\/uploads\/2021\/10\/20211022_171926-Copia-768x576.png\" alt=\"20211022_171926 - Copia\" \/><\/figure><\/div><div class=\"swiper-slide\"><figure class=\"swiper-slide-inner\"><img class=\"swiper-slide-image\" src=\"http:\/\/janeladazaki.com\/wp-content\/uploads\/2021\/10\/20211022_172406-Copia-768x576.png\" alt=\"20211022_172406 - Copia\" \/><\/figure><\/div><div class=\"swiper-slide\"><figure class=\"swiper-slide-inner\"><img class=\"swiper-slide-image\" src=\"http:\/\/janeladazaki.com\/wp-content\/uploads\/2021\/10\/Design-sem-nome-12-768x576.png\" alt=\"Vanessa com seus mais velhos, Lara e Rodrigo\" \/><figcaption class=\"elementor-image-carousel-caption\">Vanessa com seus mais velhos, Lara e Rodrigo<\/figcaption><\/figure><\/div><div class=\"swiper-slide\"><figure class=\"swiper-slide-inner\"><img class=\"swiper-slide-image\" src=\"http:\/\/janeladazaki.com\/wp-content\/uploads\/2021\/10\/Design-sem-nome-13-768x576.png\" alt=\"Vanessa com sua pequena, Laura e o trio\" \/><figcaption class=\"elementor-image-carousel-caption\">Vanessa com sua pequena, Laura e o trio<\/figcaption><\/figure><\/div>\t\t\t<\/div>\n\t\t\t\t\t\t\t\t\t\t\t\t<div class=\"swiper-pagination\"><\/div>\n\t\t\t\t\t\t\t\t\t\t\t\t\t<div class=\"elementor-swiper-button elementor-swiper-button-prev\">\n\t\t\t\t\t\t<i class=\"eicon-chevron-left\" aria-hidden=\"true\"><\/i>\n\t\t\t\t\t\t<span class=\"elementor-screen-only\">Anterior<\/span>\n\t\t\t\t\t<\/div>\n\t\t\t\t\t<div class=\"elementor-swiper-button elementor-swiper-button-next\">\n\t\t\t\t\t\t<i class=\"eicon-chevron-right\" aria-hidden=\"true\"><\/i>\n\t\t\t\t\t\t<span class=\"elementor-screen-only\">Pr\u00f3ximo<\/span>\n\t\t\t\t\t<\/div>\n\t\t\t\t\t\t\t\t\t<\/div>\n\t\t\t\t<\/div>\n\t\t\t\t<\/div>\n\t\t\t\t\t<\/div>\n\t\t<\/div>\n\t\t\t\t\t\t\t<\/div>\n\t\t<\/section>\n\t\t\t\t\t\t<\/div>\n\t\t\t\t\t<\/div>\n\t\t","protected":false},"excerpt":{"rendered":"<p>Com os cabelos loiros platinados at\u00e9 o ombro, sentada na beliche do quarto das crian\u00e7as, Vanessa Lima, 28 anos, come\u00e7a nossa conversa contando que Laura &hellip;<\/p>\n","protected":false},"author":2,"featured_media":0,"parent":33,"menu_order":6,"comment_status":"closed","ping_status":"closed","template":"","meta":[],"_links":{"self":[{"href":"http:\/\/janeladazaki.com\/index.php\/wp-json\/wp\/v2\/pages\/137"}],"collection":[{"href":"http:\/\/janeladazaki.com\/index.php\/wp-json\/wp\/v2\/pages"}],"about":[{"href":"http:\/\/janeladazaki.com\/index.php\/wp-json\/wp\/v2\/types\/page"}],"author":[{"embeddable":true,"href":"http:\/\/janeladazaki.com\/index.php\/wp-json\/wp\/v2\/users\/2"}],"replies":[{"embeddable":true,"href":"http:\/\/janeladazaki.com\/index.php\/wp-json\/wp\/v2\/comments?post=137"}],"version-history":[{"count":79,"href":"http:\/\/janeladazaki.com\/index.php\/wp-json\/wp\/v2\/pages\/137\/revisions"}],"predecessor-version":[{"id":1311,"href":"http:\/\/janeladazaki.com\/index.php\/wp-json\/wp\/v2\/pages\/137\/revisions\/1311"}],"up":[{"embeddable":true,"href":"http:\/\/janeladazaki.com\/index.php\/wp-json\/wp\/v2\/pages\/33"}],"wp:attachment":[{"href":"http:\/\/janeladazaki.com\/index.php\/wp-json\/wp\/v2\/media?parent=137"}],"curies":[{"name":"wp","href":"https:\/\/api.w.org\/{rel}","templated":true}]}}