{"id":139,"date":"2021-10-05T16:53:36","date_gmt":"2021-10-05T19:53:36","guid":{"rendered":"http:\/\/janeladazaki.com\/?page_id=139"},"modified":"2021-11-23T00:12:38","modified_gmt":"2021-11-23T03:12:38","slug":"antonimos-e-sinonimos-de-amor","status":"publish","type":"page","link":"http:\/\/janeladazaki.com\/index.php\/perfis\/antonimos-e-sinonimos-de-amor\/","title":{"rendered":"Ant\u00f4nimos e sin\u00f4nimos de amor"},"content":{"rendered":"\t\t<div data-elementor-type=\"wp-page\" data-elementor-id=\"139\" class=\"elementor elementor-139\" data-elementor-settings=\"[]\">\n\t\t\t\t\t\t\t<div class=\"elementor-section-wrap\">\n\t\t\t\t\t\t\t<section class=\"elementor-section elementor-top-section elementor-element elementor-element-36e17e2 elementor-section-boxed elementor-section-height-default elementor-section-height-default\" data-id=\"36e17e2\" data-element_type=\"section\">\n\t\t\t\t\t\t<div class=\"elementor-container elementor-column-gap-default\">\n\t\t\t\t\t<div class=\"elementor-column elementor-col-100 elementor-top-column elementor-element elementor-element-955a706\" data-id=\"955a706\" data-element_type=\"column\">\n\t\t\t<div class=\"elementor-widget-wrap elementor-element-populated\">\n\t\t\t\t\t\t\t\t<div class=\"elementor-element elementor-element-19d1217 elementor-widget elementor-widget-text-editor\" data-id=\"19d1217\" data-element_type=\"widget\" data-widget_type=\"text-editor.default\">\n\t\t\t\t<div class=\"elementor-widget-container\">\n\t\t\t\t\t\t\t<h6><span style=\"font-weight: normal;\">Camille e Mirelle Costa. Duas irm\u00e3s que dividem o quarto e a vida. Camille vive o auge de seus 15 anos, Mirelle vive o limbo entre a inf\u00e2ncia e a adolesc\u00eancia aos 11 anos. Quase como um quebra-cabe\u00e7a, as irm\u00e3s se completam. Camille \u00e9 ligada no 220V, fala alto, toma frente e n\u00e3o deixa nenhuma palavra escapar. Mirelle carrega a pureza da inf\u00e2ncia, tem a fala calma e um olhar curioso de quem est\u00e1 descobrindo viver.\u00a0<\/span><\/h6><h6><span style=\"font-weight: normal;\">Com a ponta das madeixas pintadas de rosa pink e sentada em uma cadeira na frente da beliche no quarto das meninas, Mirelle revela que adora sair de casa. \u201cTipo assim, minha m\u00e3e me chama pra ir na casa da minha v\u00f3, eu vou. Me chama pra ir na casa da minha tia, eu vou. Me chama pra ir no mercado, eu vou. Qualquer lugar eu vou. Nunca falo n\u00e3o, sempre vou\u201d. \u201cEu n\u00e3o vejo gra\u00e7a\u201d, retruca Camille.<\/span><\/h6><h6><span style=\"font-weight: normal;\">As irm\u00e3s se entreolham e alguns segundos depois, a mais velha confessa:<\/span>\u00a0<\/h6><h3>\u00a0 \u00a0 \u00a0 \u00a0 \u00a0 \u00a0 \u00a0 \u00a0 \u00a0 \u00a0 \u00a0 \u00a0 \u00a0 \u00a0 \u00a0 \u201cSomos muito diferentes e por isso brigamos um pouquinho\u201d.<\/h3><h6><span style=\"font-weight: normal;\">\u201cDepois (quando estivermos mais velhas), vai perder a gra\u00e7a de ficar brigando toda hora\u201d, acrescenta Mirelle.\u00a0<\/span><\/h6><h6><span style=\"font-weight: normal;\">Abrindo a porta da sapateira, Camille dedura que a irm\u00e3 guarda uma cole\u00e7\u00e3o de umas 20 bonecas Monster High, que ganhou de outra menina. E que, mesmo s\u00f3 querendo saber de Tik Tok, no momento, n\u00e3o que doar os brinquedos. Mirelle vive, realmente, a doce confus\u00e3o em deixar de ser crian\u00e7a para viver a fase em que os horm\u00f4nios falam mais alto do que o corpo.<\/span><\/h6><h6><span style=\"font-weight: normal;\">Enquanto isso, Camille confessa que, mesmo com o celular novo que ganhou de presente, perdeu o gosto por gravar challenges no Instagram e postar fotos dignas de blogueiras com milh\u00f5es de seguidores. Ela conta, meio irritada, que no perfil dela que acumula mais de mil seguidores, tem muita gente que est\u00e1 l\u00e1 s\u00f3 para \u201cficar de olho\u201d no que ela faz e sequer interage com likes, dir\u00e1 coment\u00e1rios. <\/span><\/h6>\t\t\t\t\t\t<\/div>\n\t\t\t\t<\/div>\n\t\t\t\t\t<\/div>\n\t\t<\/div>\n\t\t\t\t\t\t\t<\/div>\n\t\t<\/section>\n\t\t\t\t<section class=\"elementor-section elementor-top-section elementor-element elementor-element-85790cb elementor-section-boxed elementor-section-height-default elementor-section-height-default\" data-id=\"85790cb\" data-element_type=\"section\">\n\t\t\t\t\t\t<div class=\"elementor-container elementor-column-gap-default\">\n\t\t\t\t\t<div class=\"elementor-column elementor-col-100 elementor-top-column elementor-element elementor-element-ded1428\" data-id=\"ded1428\" data-element_type=\"column\">\n\t\t\t<div class=\"elementor-widget-wrap elementor-element-populated\">\n\t\t\t\t\t\t\t\t<div class=\"elementor-element elementor-element-1892ca8 elementor-arrows-position-inside elementor-pagination-position-outside elementor-widget elementor-widget-image-carousel\" data-id=\"1892ca8\" data-element_type=\"widget\" data-settings=\"{&quot;slides_to_show&quot;:&quot;1&quot;,&quot;navigation&quot;:&quot;both&quot;,&quot;autoplay&quot;:&quot;yes&quot;,&quot;pause_on_hover&quot;:&quot;yes&quot;,&quot;pause_on_interaction&quot;:&quot;yes&quot;,&quot;autoplay_speed&quot;:5000,&quot;infinite&quot;:&quot;yes&quot;,&quot;effect&quot;:&quot;slide&quot;,&quot;speed&quot;:500}\" data-widget_type=\"image-carousel.default\">\n\t\t\t\t<div class=\"elementor-widget-container\">\n\t\t\t\t\t<div class=\"elementor-image-carousel-wrapper swiper-container\" dir=\"ltr\">\n\t\t\t<div class=\"elementor-image-carousel swiper-wrapper\">\n\t\t\t\t\t\t\t\t<div class=\"swiper-slide\"><figure class=\"swiper-slide-inner\"><img class=\"swiper-slide-image\" src=\"http:\/\/janeladazaki.com\/wp-content\/uploads\/2021\/10\/20210925_151235-2.png\" alt=\"20210925_151235\" \/><\/figure><\/div><div class=\"swiper-slide\"><figure class=\"swiper-slide-inner\"><img class=\"swiper-slide-image\" src=\"http:\/\/janeladazaki.com\/wp-content\/uploads\/2021\/10\/20210925_145222.png\" alt=\"20210925_145222\" \/><\/figure><\/div><div class=\"swiper-slide\"><figure class=\"swiper-slide-inner\"><img class=\"swiper-slide-image\" src=\"http:\/\/janeladazaki.com\/wp-content\/uploads\/2021\/10\/20210925_145523.png\" alt=\"20210925_145523\" \/><\/figure><\/div><div class=\"swiper-slide\"><figure class=\"swiper-slide-inner\"><img class=\"swiper-slide-image\" src=\"http:\/\/janeladazaki.com\/wp-content\/uploads\/2021\/10\/20210925_151316-2-1.png\" alt=\"20210925_151316 (2)\" \/><\/figure><\/div><div class=\"swiper-slide\"><figure class=\"swiper-slide-inner\"><img class=\"swiper-slide-image\" src=\"http:\/\/janeladazaki.com\/wp-content\/uploads\/2021\/10\/20210925_150056.png\" alt=\"20210925_150056\" \/><\/figure><\/div><div class=\"swiper-slide\"><figure class=\"swiper-slide-inner\"><img class=\"swiper-slide-image\" src=\"http:\/\/janeladazaki.com\/wp-content\/uploads\/2021\/10\/20210925_145319.png\" alt=\"20210925_145319\" \/><\/figure><\/div>\t\t\t<\/div>\n\t\t\t\t\t\t\t\t\t\t\t\t<div class=\"swiper-pagination\"><\/div>\n\t\t\t\t\t\t\t\t\t\t\t\t\t<div class=\"elementor-swiper-button elementor-swiper-button-prev\">\n\t\t\t\t\t\t<i class=\"eicon-chevron-left\" aria-hidden=\"true\"><\/i>\n\t\t\t\t\t\t<span class=\"elementor-screen-only\">Anterior<\/span>\n\t\t\t\t\t<\/div>\n\t\t\t\t\t<div class=\"elementor-swiper-button elementor-swiper-button-next\">\n\t\t\t\t\t\t<i class=\"eicon-chevron-right\" aria-hidden=\"true\"><\/i>\n\t\t\t\t\t\t<span class=\"elementor-screen-only\">Pr\u00f3ximo<\/span>\n\t\t\t\t\t<\/div>\n\t\t\t\t\t\t\t\t\t<\/div>\n\t\t\t\t<\/div>\n\t\t\t\t<\/div>\n\t\t\t\t\t<\/div>\n\t\t<\/div>\n\t\t\t\t\t\t\t<\/div>\n\t\t<\/section>\n\t\t\t\t<section class=\"elementor-section elementor-top-section elementor-element elementor-element-3003bf4 elementor-section-boxed elementor-section-height-default elementor-section-height-default\" data-id=\"3003bf4\" data-element_type=\"section\">\n\t\t\t\t\t\t<div class=\"elementor-container elementor-column-gap-default\">\n\t\t\t\t\t<div class=\"elementor-column elementor-col-100 elementor-top-column elementor-element elementor-element-782d93b\" data-id=\"782d93b\" data-element_type=\"column\">\n\t\t\t<div class=\"elementor-widget-wrap elementor-element-populated\">\n\t\t\t\t\t\t\t\t<div class=\"elementor-element elementor-element-e8ebed4 elementor-widget elementor-widget-text-editor\" data-id=\"e8ebed4\" data-element_type=\"widget\" data-widget_type=\"text-editor.default\">\n\t\t\t\t<div class=\"elementor-widget-container\">\n\t\t\t\t\t\t\t<h6><span style=\"font-weight: normal;\">Na Zaki, as duas vivem os momentos doces e amargos da vida. Na do\u00e7ura encontram a fam\u00edlia, as festa de anivers\u00e1rio, os natais e p\u00e1scoas que deram uma pequena pausa por conta da pandemia. E, claro, os projetos oferecidos para as crian\u00e7as da comunidade, com um carinho especial pelas aulas de dan\u00e7a.<\/span><\/h6><h6><span style=\"font-weight: normal;\">No sabor amargo, carregam a perda do irm\u00e3o mais velho. Criado com elas, mas filho apenas do mesmo pai, sofria de depress\u00e3o e ap\u00f3s um surto, acabou deixando a vida. \u201cAntes dele morrer ele tinha falado pra minha m\u00e3e: \u2018o dia que voc\u00ea separar do meu pai, eu vou morrer\u2019 e, tipo, 2 meses depois (deles se separarem), ele morreu\u201d, lembra Mirelle.\u00a0<\/span><\/h6><h3>\u00a0 \u00a0 \u00a0 \u00a0 \u00a0 \u00a0 \u00a0 \u00a0 \u00a0 \u00a0Mirelle carrega, na bagagem, a maturidade de falar sobre o fim da vida.<\/h3><h3>\u00a0 \u00a0 \u00a0 \u00a0 \u00a0 \u00a0 \u00a0Camille lembra, com uma maturidade maior ainda, o quanto isso tudo refletiu em sua\u00a0 \u00a0 \u00a0 \u00a0 \u00a0 \u00a0 \u00a0 \u00a0 \u00a0 \u00a0 \u00a0 \u00a0 \u00a0 \u00a0 \u00a0 \u00a0 \u00a0 \u00a0 \u00a0 \u00a0 \u00a0 \u00a0 \u00a0 \u00a0 \u00a0 \u00a0 \u00a0 \u00a0 inf\u00e2ncia e pr\u00e9-adolesc\u00eancia.<\/h3><h6><span style=\"font-weight: normal;\">No mesmo per\u00edodo em que perderam o irm\u00e3o, seus pais se separaram. A ca\u00e7ula n\u00e3o sentiu tanto o abalo por conta da pouca idade, Camille lembra como se fosse ontem do sentimento que tomou conta: \u201ceu achava que ia ficar sozinha\u201d.<\/span><\/h6><h6><span style=\"font-weight: normal;\">Um comportamento explosivo e agressivo adentrou o cora\u00e7\u00e3o da ruiva de cabelos cacheados. Na escola, tudo era motivo para briga e discuss\u00e3o em alto tom. Os anos passaram e Camille percebeu que suas a\u00e7\u00f5es estavam afastando suas amigas. Chegou a hora de mudar. \u201cEu me toquei que se continuasse (assim), isso ia s\u00f3 estragar as outras pessoas e eu.\u201d<\/span><\/h6><h6><span style=\"font-weight: normal;\">Depois de puxar o cabelo de uma colega, empurrar a outra do banco para cair no ch\u00e3o de pedregulhos e fazer press\u00e3o psicol\u00f3gica em uma menina que sofria de incontin\u00eancia urin\u00e1ria, ela buscou o motivo de tamanha revolta. Ligando os pontos, compreendeu que os acontecimentos com sua fam\u00edlia fizeram com que ela adotasse esses comportamentos, que hoje j\u00e1 n\u00e3o andam mais consigo.<\/span><\/h6><h6><span style=\"font-weight: normal;\">\u201cE hoje em dia sabe o que tenho? Tenho trauma dessas coisas. Tenho trauma de gritaria, se alguma pessoa t\u00e1 gritando j\u00e1 me d\u00e1 ansiedade. Hoje em dia tenho ansiedade, infelizmente, j\u00e1 come\u00e7o a tremer, tenho falta de ar&#8230;\u201d, conta.<\/span><\/h6><h6><span style=\"font-weight: normal;\">Aos 15 anos, Camille amadureceu na marra dentro da Zaki. Sabe separar o que \u00e9 bom ou n\u00e3o para si e se descreve como \u201cexplosiva quando voc\u00ea mexe no meu caminho. Calma quando t\u00e1 de boa comigo e eu t\u00f4 de boa com voc\u00ea\u201d.<\/span><\/h6><h6><span style=\"font-weight: normal;\">Assim, as meninas ilustram a vida de quem vive como ant\u00f4nimos mas carrega no cora\u00e7\u00e3o o sin\u00f4nimo mais puro de amor: o de irm\u00e3s.<\/span><\/h6><h6><span style=\"font-weight: normal;\">Paulistanas cheias de tipo, mano e meu na ponta da l\u00edngua carregam no sorriso e na mochila da vida as lembran\u00e7as de quem nasceu e cresce nos corredores da Zaki.<\/span><\/h6>\t\t\t\t\t\t<\/div>\n\t\t\t\t<\/div>\n\t\t\t\t<div class=\"elementor-element elementor-element-bc01e6a elementor-arrows-position-inside elementor-pagination-position-outside elementor-widget elementor-widget-image-carousel\" data-id=\"bc01e6a\" data-element_type=\"widget\" data-settings=\"{&quot;slides_to_show&quot;:&quot;2&quot;,&quot;slides_to_scroll&quot;:&quot;1&quot;,&quot;navigation&quot;:&quot;both&quot;,&quot;autoplay&quot;:&quot;yes&quot;,&quot;pause_on_hover&quot;:&quot;yes&quot;,&quot;pause_on_interaction&quot;:&quot;yes&quot;,&quot;autoplay_speed&quot;:5000,&quot;infinite&quot;:&quot;yes&quot;,&quot;speed&quot;:500}\" data-widget_type=\"image-carousel.default\">\n\t\t\t\t<div class=\"elementor-widget-container\">\n\t\t\t\t\t<div class=\"elementor-image-carousel-wrapper swiper-container\" dir=\"ltr\">\n\t\t\t<div class=\"elementor-image-carousel swiper-wrapper\">\n\t\t\t\t\t\t\t\t<div class=\"swiper-slide\"><figure class=\"swiper-slide-inner\"><img class=\"swiper-slide-image\" src=\"http:\/\/janeladazaki.com\/wp-content\/uploads\/2021\/10\/WhatsApp-Image-2021-09-28-at-19.08.24-2-768x1024.jpeg\" alt=\"Camille em seu anivers\u00e1rio de 1 ano\" \/><figcaption class=\"elementor-image-carousel-caption\">Camille em seu anivers\u00e1rio de 1 ano<\/figcaption><\/figure><\/div><div class=\"swiper-slide\"><figure class=\"swiper-slide-inner\"><img class=\"swiper-slide-image\" src=\"http:\/\/janeladazaki.com\/wp-content\/uploads\/2021\/10\/WhatsApp-Image-2021-09-28-at-19.06.20-2-1.jpeg\" alt=\"Mirelle dando os primeiros passos com andador\" \/><figcaption class=\"elementor-image-carousel-caption\">Mirelle dando os primeiros passos com andador<\/figcaption><\/figure><\/div><div class=\"swiper-slide\"><figure class=\"swiper-slide-inner\"><img class=\"swiper-slide-image\" src=\"http:\/\/janeladazaki.com\/wp-content\/uploads\/2021\/10\/WhatsApp-Image-2021-09-28-at-19.08.23-2-768x1024.jpeg\" alt=\"Camille em Festa Junina aos 6 anos\" \/><figcaption class=\"elementor-image-carousel-caption\">Camille em Festa Junina aos 6 anos<\/figcaption><\/figure><\/div><div class=\"swiper-slide\"><figure class=\"swiper-slide-inner\"><img class=\"swiper-slide-image\" src=\"http:\/\/janeladazaki.com\/wp-content\/uploads\/2021\/10\/WhatsApp-Image-2021-09-28-at-19.06.19-1-768x1024.jpeg\" alt=\"Mirelle pronta para ir a escola\" \/><figcaption class=\"elementor-image-carousel-caption\">Mirelle pronta para ir a escola<\/figcaption><\/figure><\/div><div class=\"swiper-slide\"><figure class=\"swiper-slide-inner\"><img class=\"swiper-slide-image\" src=\"http:\/\/janeladazaki.com\/wp-content\/uploads\/2021\/10\/WhatsApp-Image-2021-09-28-at-19.09.48-2-768x1023.jpeg\" alt=\"Camille e Mirelle antes de completar um ano\" \/><figcaption class=\"elementor-image-carousel-caption\">Camille e Mirelle antes de completar um ano<\/figcaption><\/figure><\/div>\t\t\t<\/div>\n\t\t\t\t\t\t\t\t\t\t\t\t<div class=\"swiper-pagination\"><\/div>\n\t\t\t\t\t\t\t\t\t\t\t\t\t<div class=\"elementor-swiper-button elementor-swiper-button-prev\">\n\t\t\t\t\t\t<i class=\"eicon-chevron-left\" aria-hidden=\"true\"><\/i>\n\t\t\t\t\t\t<span class=\"elementor-screen-only\">Anterior<\/span>\n\t\t\t\t\t<\/div>\n\t\t\t\t\t<div class=\"elementor-swiper-button elementor-swiper-button-next\">\n\t\t\t\t\t\t<i class=\"eicon-chevron-right\" aria-hidden=\"true\"><\/i>\n\t\t\t\t\t\t<span class=\"elementor-screen-only\">Pr\u00f3ximo<\/span>\n\t\t\t\t\t<\/div>\n\t\t\t\t\t\t\t\t\t<\/div>\n\t\t\t\t<\/div>\n\t\t\t\t<\/div>\n\t\t\t\t\t<\/div>\n\t\t<\/div>\n\t\t\t\t\t\t\t<\/div>\n\t\t<\/section>\n\t\t\t\t<section class=\"elementor-section elementor-top-section elementor-element elementor-element-69da13c elementor-section-boxed elementor-section-height-default elementor-section-height-default\" data-id=\"69da13c\" data-element_type=\"section\">\n\t\t\t\t\t\t<div class=\"elementor-container elementor-column-gap-default\">\n\t\t\t\t\t<div class=\"elementor-column elementor-col-100 elementor-top-column elementor-element elementor-element-864cba3\" data-id=\"864cba3\" data-element_type=\"column\">\n\t\t\t<div class=\"elementor-widget-wrap\">\n\t\t\t\t\t\t\t\t\t<\/div>\n\t\t<\/div>\n\t\t\t\t\t\t\t<\/div>\n\t\t<\/section>\n\t\t\t\t\t\t<\/div>\n\t\t\t\t\t<\/div>\n\t\t","protected":false},"excerpt":{"rendered":"<p>Camille e Mirelle Costa. Duas irm\u00e3s que dividem o quarto e a vida. Camille vive o auge de seus 15 anos, Mirelle vive o limbo &hellip;<\/p>\n","protected":false},"author":2,"featured_media":0,"parent":33,"menu_order":7,"comment_status":"closed","ping_status":"closed","template":"","meta":[],"_links":{"self":[{"href":"http:\/\/janeladazaki.com\/index.php\/wp-json\/wp\/v2\/pages\/139"}],"collection":[{"href":"http:\/\/janeladazaki.com\/index.php\/wp-json\/wp\/v2\/pages"}],"about":[{"href":"http:\/\/janeladazaki.com\/index.php\/wp-json\/wp\/v2\/types\/page"}],"author":[{"embeddable":true,"href":"http:\/\/janeladazaki.com\/index.php\/wp-json\/wp\/v2\/users\/2"}],"replies":[{"embeddable":true,"href":"http:\/\/janeladazaki.com\/index.php\/wp-json\/wp\/v2\/comments?post=139"}],"version-history":[{"count":40,"href":"http:\/\/janeladazaki.com\/index.php\/wp-json\/wp\/v2\/pages\/139\/revisions"}],"predecessor-version":[{"id":1318,"href":"http:\/\/janeladazaki.com\/index.php\/wp-json\/wp\/v2\/pages\/139\/revisions\/1318"}],"up":[{"embeddable":true,"href":"http:\/\/janeladazaki.com\/index.php\/wp-json\/wp\/v2\/pages\/33"}],"wp:attachment":[{"href":"http:\/\/janeladazaki.com\/index.php\/wp-json\/wp\/v2\/media?parent=139"}],"curies":[{"name":"wp","href":"https:\/\/api.w.org\/{rel}","templated":true}]}}