{"id":29,"date":"2021-10-05T01:19:46","date_gmt":"2021-10-05T04:19:46","guid":{"rendered":"http:\/\/janeladazaki.com\/?page_id=29"},"modified":"2021-12-01T18:38:14","modified_gmt":"2021-12-01T21:38:14","slug":"mergulho","status":"publish","type":"page","link":"http:\/\/janeladazaki.com\/index.php\/mergulho\/","title":{"rendered":"Mergulho"},"content":{"rendered":"\t\t<div data-elementor-type=\"wp-page\" data-elementor-id=\"29\" class=\"elementor elementor-29\" data-elementor-settings=\"[]\">\n\t\t\t\t\t\t\t<div class=\"elementor-section-wrap\">\n\t\t\t\t\t\t\t<section class=\"elementor-section elementor-top-section elementor-element elementor-element-65535b6 elementor-section-boxed elementor-section-height-default elementor-section-height-default\" data-id=\"65535b6\" data-element_type=\"section\">\n\t\t\t\t\t\t<div class=\"elementor-container elementor-column-gap-default\">\n\t\t\t\t\t<div class=\"elementor-column elementor-col-100 elementor-top-column elementor-element elementor-element-6a69935\" data-id=\"6a69935\" data-element_type=\"column\">\n\t\t\t<div class=\"elementor-widget-wrap elementor-element-populated\">\n\t\t\t\t\t\t\t\t<div class=\"elementor-element elementor-element-9a9dcb2 elementor-widget elementor-widget-text-editor\" data-id=\"9a9dcb2\" data-element_type=\"widget\" data-widget_type=\"text-editor.default\">\n\t\t\t\t<div class=\"elementor-widget-container\">\n\t\t\t\t\t\t\t<p><!--[if lt IE 9]><script>document.createElement('audio');<\/script><![endif]-->\n<audio class=\"wp-audio-shortcode\" id=\"audio-29-1\" preload=\"none\" style=\"width: 100%;\" controls=\"controls\"><source type=\"audio\/mpeg\" src=\"http:\/\/janeladazaki.com\/wp-content\/uploads\/2021\/10\/WhatsApp-Audio-2021-09-26-at-17.01.14.mp3?_=1\" \/><a href=\"http:\/\/janeladazaki.com\/wp-content\/uploads\/2021\/10\/WhatsApp-Audio-2021-09-26-at-17.01.14.mp3\">http:\/\/janeladazaki.com\/wp-content\/uploads\/2021\/10\/WhatsApp-Audio-2021-09-26-at-17.01.14.mp3<\/a><\/audio><\/p><h6>\u00a0<\/h6><h6><span style=\"font-weight: normal;\">Uma cidade dentro de outra cidade. A Zaki Narchi n\u00e3o dorme, assim como a movimentada S\u00e3o Paulo. 35 pr\u00e9dios, quatro andares e quatro apartamentos por andar. O movimento \u00e9 constante: conversas, can\u00e7\u00f5es, risadas e gritos fazem a m\u00fasica da comunidade que n\u00e3o fecha os olhos. Mas que, infelizmente, \u00e9 escondida por uma cortina invis\u00edvel.<\/span><\/h6><h6><span style=\"font-weight: normal;\">\u201cMe chamo Rafael, tenho 32 anos. E moro na Zaki h\u00e1 32 anos.\u201d Sorriso largo, simpatia em pessoa, cora\u00e7\u00e3o voltado para a comunidade e orgulho de suas ra\u00edzes \u00e9 o que transparece Rafael Cavalcanti. Desses 32 anos de vida, dois passou no interior e outros tr\u00eas e alguns meses, no sistema prisional. Rafael afirma, em tom saudoso e sempre com o sorriso no rosto, que a Zaki o influenciou positivamente:<\/span><\/h6><h3>\u00a0 \u00a0 \u00a0 \u00a0 \u00a0 \u00a0 \u00a0 \u00a0 \u00a0 \u00a0 \u00a0 \u201cquem eu sou hoje \u00e9 gra\u00e7as ao lugar de onde eu vim, das minhas ra\u00edzes\u201d.<\/h3><h6><span style=\"font-weight: normal;\">Maria da Penha Cavalcanti, sua m\u00e3e, gosta de um bom papo. Hist\u00f3ria pra contar \u00e9 com ela mesma, e, sua felicidade est\u00e1 nos pequenos momentos, no crescimento dos filhos, no nascimento do neto, na fam\u00edlia formada, no dia a dia da Zaki Narchi.\u00a0 \u201cEu gosto de arrumar minha casa, fazer um almo\u00e7o pra eu e Gustavo, gosto de ir no mercado, de ir na feira. Todo domingo eu vou na feira, nem que seja com 10, 20 reais, vou na feira comprar fruta\u201d, conta de forma divertida. Gustavo \u00e9 o ca\u00e7ula de seus tr\u00eas filhos, todos nascidos e criados nas ruas que cruzam o Conjunto Habitacional.<\/span><\/h6><h6><span style=\"font-weight: normal;\">Em 1988 Penha chegou at\u00e9 a Zaki Narchi, casada e ainda sem filhos. Nas mem\u00f3rias, um passado engasgado na garganta com a certeza de que as viv\u00eancias formaram a mulher que \u00e9 hoje. Barracos, ch\u00e3o batido, esgoto a c\u00e9u aberto e ratos dividindo o espa\u00e7o com os moradores era a realidade.<\/span><\/h6><h6><span style=\"font-weight: normal;\">As mesmas imagens revivem tamb\u00e9m as lembran\u00e7as de \u00c1urea Marta, mulher preta e de sorriso que comunica. 34 anos de Zaki Narchi n\u00e3o cabem nas palavras bem-humoradas de \u00c1urea. Nem sempre o sorriso estampa a tela que nos divide, lembrar de alguns momentos \u00e9 inc\u00f4modo, por\u00e9m, necess\u00e1rio. \u201cEu ia pros bailes com as minhas amigas e a gente mentia o endere\u00e7o, falava que morava em Santana, Jardim Brasil, mas nunca falava que morava na favela\u201d isso, porque, ningu\u00e9m gostaria de interagir com algu\u00e9m que viesse da favela, da Zaki Narchi.<\/span><\/h6><h6><span style=\"font-weight: normal;\">Mais uma mem\u00f3ria desce a seco na garganta, sem \u00e1gua e muito menos o doce sabor das conquistas. \u00c1urea tinha acabado de\u00a0 \u201camigar\u201d com seu ex-marido, foram juntos at\u00e9 as Casas Bahia, empolgados, para comprar uma geladeira nova. Depois do pagamento, o que ouviram? \u201cAh, a gente n\u00e3o pode entregar porque voc\u00eas n\u00e3o t\u00eam endere\u00e7o e l\u00e1 (na favela da Zaki Narchi) \u00e9 \u00e1rea de alto risco.\u201d O sil\u00eancio de \u00c1urea fala muito mais do que qualquer palavra, o abismo social est\u00e1 ali. \u201cN\u00e3o me esque\u00e7o disso nunca.\u201d<\/span><\/h6><h3>\u00a0 \u00a0 \u00a0 \u00a0 \u00a0 \u201cO dia que eu recebi minha chave (do apartamento) eu falei: \u2018nossa, agora sim voc\u00ea vai ter\u00a0 \u00a0 \u00a0 \u00a0 \u00a0 \u00a0 \u00a0 \u00a0 \u00a0 \u00a0 \u00a0 \u00a0 \u00a0uM endere\u00e7o, agora vai poder dizer: voc\u00ea mora em tal lugar\u2019. \u00c9 uma sensa\u00e7\u00e3o muito boa.\u201d<\/h3><h6><span style=\"font-weight: normal;\">\u00c1urea sempre esteve ali. \u00c1urea s\u00f3 passou a existir perante a sociedade em 1996, quando conquistou seu endere\u00e7o.<\/span><\/h6>\t\t\t\t\t\t<\/div>\n\t\t\t\t<\/div>\n\t\t\t\t<div class=\"elementor-element elementor-element-62cbb3e elementor-widget__width-initial elementor-aspect-ratio-169 elementor-widget elementor-widget-video\" data-id=\"62cbb3e\" data-element_type=\"widget\" data-settings=\"{&quot;youtube_url&quot;:&quot;https:\\\/\\\/youtu.be\\\/NYH5mtmW1fU&quot;,&quot;video_type&quot;:&quot;youtube&quot;,&quot;controls&quot;:&quot;yes&quot;,&quot;aspect_ratio&quot;:&quot;169&quot;}\" data-widget_type=\"video.default\">\n\t\t\t\t<div class=\"elementor-widget-container\">\n\t\t\t\t\t<div class=\"elementor-wrapper elementor-fit-aspect-ratio elementor-open-inline\">\n\t\t\t<div class=\"elementor-video\"><\/div>\t\t<\/div>\n\t\t\t\t<\/div>\n\t\t\t\t<\/div>\n\t\t\t\t<div class=\"elementor-element elementor-element-6625cda elementor-widget elementor-widget-text-editor\" data-id=\"6625cda\" data-element_type=\"widget\" data-widget_type=\"text-editor.default\">\n\t\t\t\t<div class=\"elementor-widget-container\">\n\t\t\t\t\t\t\t<h6><span style=\"font-weight: normal;\">Se tem algo que marca, de forma definitiva, o retrato da Zaki Narchi, \u00e9 a ida de Paulo Maluf at\u00e9 o local. O brilho no olhar toma conta de \u00c1urea que, sentada em seu sof\u00e1 com o celular na m\u00e3o, logo ap\u00f3s bater uma sopa de feij\u00e3o para o jantar, relembra: \u201cSe voc\u00eas votarem na gente, n\u00f3s vamos dar os predinhos pra voc\u00eas\u201d, falou Paulo Maluf em um palanque na favela. E \u00c1urea termina de forma convincente:\u00a0<\/span><\/h6><h3>\u00a0 \u00a0 \u00a0 \u00a0 \u00a0 \u00a0 \u00a0 \u00a0 \u00a0 \u00a0 \u00a0 \u00a0 \u00a0 &#8220;A\u00ed, n\u00e9, todo mundo votou. At\u00e9 hoje se o Paulo Maluf se candidatar,\u00a0 \u00a0 \u00a0 \u00a0 \u00a0 \u00a0 \u00a0 \u00a0 \u00a0 \u00a0 \u00a0 \u00a0 \u00a0 \u00a0 \u00a0 \u00a0 \u00a0 \u00a0 \u00a0 \u00a0 \u00a0 \u00a0 \u00a0 \u00a0 \u00a0 \u00a0 \u00a0 \u00a0 \u00a0 \u00a0 \u00a0 \u00a0 \u00a0 \u00a0 \u00a0 \u00a0 \u00a0 \u00a0 \u00a0 acho que todo mundo vota nele&#8221;.<\/h3><h6><span style=\"font-weight: normal;\">Ainda sobre Paulo Maluf, figura marcante aos moradores, Penha relembra animada apontando para o bloco em que mora: &#8220;ele veio aqui nesse bloco, na casa da minha vizinha, a\u00ed em frente. Tomou caf\u00e9, ela fez at\u00e9 bolo de cenoura pra ele&#8221;. Rafael n\u00e3o carrega o\u00a0mesmo apre\u00e7o por Paulo Maluf, viveu altos e baixos na comunidade, mas lembra com carinho de sua inf\u00e2ncia e adolesc\u00eancia no local.<\/span><\/h6><h6><span style=\"font-weight: normal;\">As janelas da Zaki Narchi dizem que ele \u00e9 um cara carism\u00e1tico. Se um dia conversar com Rafael, poder\u00e1 afirmar o mesmo. Foi assim que conquistou suas amizades, v\u00e1rias que, inclusive, completam mais de 20 anos. Voltando para os anos 2000, a molecada tinha acabado de jogar bola e resolveu ir brincar na beira do c\u00f3rrego Carandiru, ao lado da Zaki.<\/span><\/h6><h6><span style=\"font-weight: normal;\">Uma pequena ponte cruza o riozinho, e o mais divertido, \u00e9 claro, sempre foi se pendurar por baixo da ponte e atravessar at\u00e9 chegar bem na beiradinha da \u00e1gua. De repente, n\u00e3o se sabe como, um chinelo foi parar no meio do rio. E agora? Algu\u00e9m tem que pegar! Rafael, magrelo, esguio, cabelo escuro e pele clara, foi at\u00e9 o meio do c\u00f3rrego\u00a0 e pegou o chinelo. A \u00e1gua batia na canela e nos lugares mais fundos, no joelho. Mas o\u00a0 problema \u00e9 que tinha muito entulho no meio da \u00e1gua, e quando se deu conta, tinha cortado o p\u00e9. A febre alta veio, o destino foi, sem d\u00favida, o pronto atendimento. E ent\u00e3o o inesperado aconteceu: duas inje\u00e7\u00f5es, uma em cada popa.<\/span><\/h6><h6><span style=\"font-weight: normal;\">A dor vem at\u00e9 hoje, mas entre risadas de uma inf\u00e2ncia bem vivida na Zaki Narchi. Rafael descobre e escreve sua hist\u00f3ria entre erros, acertos, risadas, choros, amigos, e, acima de tudo, fam\u00edlia. A fam\u00edlia na Zaki \u00e9, muitas vezes, a base e o que solidifica as rela\u00e7\u00f5es do Conjunto Habitacional que abriga mais de 700 delas.<\/span><\/h6>\t\t\t\t\t\t<\/div>\n\t\t\t\t<\/div>\n\t\t\t\t<div class=\"elementor-element elementor-element-30896d2 elementor-arrows-position-inside elementor-pagination-position-outside elementor-widget elementor-widget-image-carousel\" data-id=\"30896d2\" data-element_type=\"widget\" data-settings=\"{&quot;slides_to_show&quot;:&quot;1&quot;,&quot;navigation&quot;:&quot;both&quot;,&quot;autoplay&quot;:&quot;yes&quot;,&quot;pause_on_hover&quot;:&quot;yes&quot;,&quot;pause_on_interaction&quot;:&quot;yes&quot;,&quot;autoplay_speed&quot;:5000,&quot;infinite&quot;:&quot;yes&quot;,&quot;effect&quot;:&quot;slide&quot;,&quot;speed&quot;:500}\" data-widget_type=\"image-carousel.default\">\n\t\t\t\t<div class=\"elementor-widget-container\">\n\t\t\t\t\t<div class=\"elementor-image-carousel-wrapper swiper-container\" dir=\"ltr\">\n\t\t\t<div class=\"elementor-image-carousel swiper-wrapper\">\n\t\t\t\t\t\t\t\t<div class=\"swiper-slide\"><figure class=\"swiper-slide-inner\"><img class=\"swiper-slide-image\" src=\"http:\/\/janeladazaki.com\/wp-content\/uploads\/2021\/11\/20211002_112507-1024x576.jpg\" alt=\"Processed with VSCO with  preset\" \/><\/figure><\/div><div class=\"swiper-slide\"><figure class=\"swiper-slide-inner\"><img class=\"swiper-slide-image\" src=\"http:\/\/janeladazaki.com\/wp-content\/uploads\/2021\/10\/20210925_144609-1024x576.jpg\" alt=\"20210925_144609\" \/><\/figure><\/div><div class=\"swiper-slide\"><figure class=\"swiper-slide-inner\"><img class=\"swiper-slide-image\" src=\"http:\/\/janeladazaki.com\/wp-content\/uploads\/2021\/10\/20210925_142513-1-1024x576.jpg\" alt=\"20210925_142513 1\" \/><\/figure><\/div><div class=\"swiper-slide\"><figure class=\"swiper-slide-inner\"><img class=\"swiper-slide-image\" src=\"http:\/\/janeladazaki.com\/wp-content\/uploads\/2021\/10\/20210925_143151-1024x576.jpg\" alt=\"20210925_143151\" \/><\/figure><\/div><div class=\"swiper-slide\"><figure class=\"swiper-slide-inner\"><img class=\"swiper-slide-image\" src=\"http:\/\/janeladazaki.com\/wp-content\/uploads\/2021\/10\/20210925_143128-1-1024x576.jpg\" alt=\"20210925_143128\" \/><\/figure><\/div><div class=\"swiper-slide\"><figure class=\"swiper-slide-inner\"><img class=\"swiper-slide-image\" src=\"http:\/\/janeladazaki.com\/wp-content\/uploads\/2021\/10\/20210925_143434-1024x576.jpg\" alt=\"20210925_143434\" \/><\/figure><\/div><div class=\"swiper-slide\"><figure class=\"swiper-slide-inner\"><img class=\"swiper-slide-image\" src=\"http:\/\/janeladazaki.com\/wp-content\/uploads\/2021\/10\/20210925_143115-1024x576.jpg\" alt=\"20210925_143115\" \/><\/figure><\/div><div class=\"swiper-slide\"><figure class=\"swiper-slide-inner\"><img class=\"swiper-slide-image\" src=\"http:\/\/janeladazaki.com\/wp-content\/uploads\/2021\/10\/20211022_171949-Copia-2-1-1024x576.png\" alt=\"20211022_171949 - Copia (2)\" \/><\/figure><\/div>\t\t\t<\/div>\n\t\t\t\t\t\t\t\t\t\t\t\t<div class=\"swiper-pagination\"><\/div>\n\t\t\t\t\t\t\t\t\t\t\t\t\t<div class=\"elementor-swiper-button elementor-swiper-button-prev\">\n\t\t\t\t\t\t<i class=\"eicon-chevron-left\" aria-hidden=\"true\"><\/i>\n\t\t\t\t\t\t<span class=\"elementor-screen-only\">Anterior<\/span>\n\t\t\t\t\t<\/div>\n\t\t\t\t\t<div class=\"elementor-swiper-button elementor-swiper-button-next\">\n\t\t\t\t\t\t<i class=\"eicon-chevron-right\" aria-hidden=\"true\"><\/i>\n\t\t\t\t\t\t<span class=\"elementor-screen-only\">Pr\u00f3ximo<\/span>\n\t\t\t\t\t<\/div>\n\t\t\t\t\t\t\t\t\t<\/div>\n\t\t\t\t<\/div>\n\t\t\t\t<\/div>\n\t\t\t\t<div class=\"elementor-element elementor-element-682bed5 elementor-widget elementor-widget-text-editor\" data-id=\"682bed5\" data-element_type=\"widget\" data-widget_type=\"text-editor.default\">\n\t\t\t\t<div class=\"elementor-widget-container\">\n\t\t\t\t\t\t\t<h6 style=\"font-style: normal; font-variant-ligatures: normal; font-variant-caps: normal; text-align: justify;\"><span style=\"font-weight: normal;\">Aos 19 anos, Vanessa Lima se viu com duas crian\u00e7as para cuidar. Sua filha, Lara, e seu irm\u00e3o, Rodrigo. Atualmente, comemora ao lado de seu marido e tr\u00eas filhos, Rodrigo, Lara e a ca\u00e7ula Laura, as conquistas e a estabilidade que alcan\u00e7ou dentro da Zaki Narchi. \u201cA minha vida gira em torno deles na verdade. At\u00e9 esses dias atr\u00e1s eu era dona de casa s\u00f3, ent\u00e3o vivia s\u00f3 pra eles e pra casa, n\u00e9\u201d, conta Vanessa que agora equilibra a rotina de trabalho, casa, filhos e a Associa\u00e7\u00e3o Amigos da Zaki Narchi, onde \u00e9 volunt\u00e1ria.<\/span><\/h6><h6 style=\"font-style: normal; font-variant-ligatures: normal; font-variant-caps: normal; text-align: justify;\"><span style=\"font-weight: normal;\">Essa estabilidade n\u00e3o chegou f\u00e1cil. Sentada na cama do quarto de seus filhos, tentando conciliar a correria das meninas dentro de casa, com as interrup\u00e7\u00f5es e a nossa conversa, Vanessa afirma que:<\/span><\/h6><h3 style=\"font-style: normal; font-variant-ligatures: normal; font-variant-caps: normal; text-align: justify;\">\u00a0 \u00a0 \u00a0 \u00a0 \u00a0 \u00a0 \u00a0 \u00a0 \u00a0 \u00a0 \u00a0 \u00a0 \u00a0 \u00a0 \u00a0 \u00a0 \u00a0 \u00a0\u201co lugar que a gente mora nos obriga a aprender a viver\u201d.<span style=\"font-weight: normal;\">\u00a0<\/span><\/h3><h6 style=\"font-style: normal; font-variant-ligatures: normal; font-variant-caps: normal; text-align: justify;\"><span style=\"font-weight: normal;\">Quando chegou \u00e0 Zaki, aos 9 anos, foi taxada como patricinha por vir do Lauzane e poder comprar o lanche na escola com os trocados que sua m\u00e3e lhe dava semanalmente. Por vezes, ficou sem comer porque algumas meninas pegavam as poucas notas. Com medo dessa nova realidade que encarava, Vanessa ficava na sua.<\/span><\/h6><h6 style=\"font-style: normal; font-variant-ligatures: normal; font-variant-caps: normal; text-align: justify;\"><span style=\"font-weight: normal;\">Hoje, aos 28 anos, Vanessa aprendeu a viver com a Zaki Narchi. Aprendeu a viver na Zaki Narchi. Trabalha, cuida de seus filhos e \u00e9 volunt\u00e1ria na Associa\u00e7\u00e3o Amigos da Zaki Narchi, onde, atrav\u00e9s da ajuda de colaboradores arrecadam mantimentos, oferecem atividades para as crian\u00e7as da comunidade e fazem anualmente o Dia Z.<\/span><\/h6><h6 style=\"font-style: normal; font-variant-ligatures: normal; font-variant-caps: normal; text-align: justify;\"><span style=\"font-weight: normal;\">O Dia Z \u00e9 um dia recheado de atividades na comunidade, que acontece no segundo semestre, em comemora\u00e7\u00e3o ao dia das crian\u00e7as. Assim, a molecada pode brincar, fazer atividades, ganhar alguns brinquedos, ser crian\u00e7a de forma livre.<\/span><\/h6><h3 style=\"font-style: normal; font-variant-ligatures: normal; font-variant-caps: normal; text-align: justify;\">\u00a0 \u00a0 \u00a0 \u00a0 \u00a0 \u00a0 \u201cNunca tinha esse tipo de coisa aqui, a\u00ed quando fizeram o Dia Z, foi o dia mais marcante\u00a0 \u00a0 \u00a0 \u00a0 \u00a0 \u00a0 \u00a0 \u00a0 \u00a0 \u00a0 \u00a0 \u00a0 \u00a0 \u00a0 \u00a0 \u00a0 \u00a0 \u00a0 \u00a0 pra\u00a0 mim, Foi uma experi\u00eancia \u00fanica\u201d, relata Mirelle Costa, 11 anos.<\/h3>\t\t\t\t\t\t<\/div>\n\t\t\t\t<\/div>\n\t\t\t\t\t<\/div>\n\t\t<\/div>\n\t\t\t\t\t\t\t<\/div>\n\t\t<\/section>\n\t\t\t\t<section class=\"elementor-section elementor-top-section elementor-element elementor-element-6455233 elementor-section-boxed elementor-section-height-default elementor-section-height-default\" data-id=\"6455233\" data-element_type=\"section\">\n\t\t\t\t\t\t<div class=\"elementor-container elementor-column-gap-default\">\n\t\t\t\t\t<div class=\"elementor-column elementor-col-100 elementor-top-column elementor-element elementor-element-f6fb884\" data-id=\"f6fb884\" data-element_type=\"column\">\n\t\t\t<div class=\"elementor-widget-wrap elementor-element-populated\">\n\t\t\t\t\t\t\t\t<div class=\"elementor-element elementor-element-3c1fb55 elementor-widget__width-initial elementor-aspect-ratio-169 elementor-widget elementor-widget-video\" data-id=\"3c1fb55\" data-element_type=\"widget\" data-settings=\"{&quot;youtube_url&quot;:&quot;https:\\\/\\\/youtu.be\\\/9bprunL_nBs&quot;,&quot;video_type&quot;:&quot;youtube&quot;,&quot;controls&quot;:&quot;yes&quot;,&quot;aspect_ratio&quot;:&quot;169&quot;}\" data-widget_type=\"video.default\">\n\t\t\t\t<div class=\"elementor-widget-container\">\n\t\t\t\t\t<div class=\"elementor-wrapper elementor-fit-aspect-ratio elementor-open-inline\">\n\t\t\t<div class=\"elementor-video\"><\/div>\t\t<\/div>\n\t\t\t\t<\/div>\n\t\t\t\t<\/div>\n\t\t\t\t\t<\/div>\n\t\t<\/div>\n\t\t\t\t\t\t\t<\/div>\n\t\t<\/section>\n\t\t\t\t<section class=\"elementor-section elementor-top-section elementor-element elementor-element-16e82a1 elementor-section-boxed elementor-section-height-default elementor-section-height-default\" data-id=\"16e82a1\" data-element_type=\"section\">\n\t\t\t\t\t\t<div class=\"elementor-container elementor-column-gap-default\">\n\t\t\t\t\t<div class=\"elementor-column elementor-col-100 elementor-top-column elementor-element elementor-element-4fe93dd\" data-id=\"4fe93dd\" data-element_type=\"column\">\n\t\t\t<div class=\"elementor-widget-wrap elementor-element-populated\">\n\t\t\t\t\t\t\t\t<div class=\"elementor-element elementor-element-b45941d elementor-widget elementor-widget-text-editor\" data-id=\"b45941d\" data-element_type=\"widget\" data-widget_type=\"text-editor.default\">\n\t\t\t\t<div class=\"elementor-widget-container\">\n\t\t\t\t\t\t\t<h6><span style=\"font-weight: normal;\">Mi, como carinhosamente \u00e9 chamada, \u00e9 irm\u00e3 de Camille, que completou 15 anos nos meados em que fizemos a entrevista. As duas irm\u00e3s s\u00e3o o retrato t\u00edpico de dupla de meninas que vivem como gato e rato e que no fundo se amam acima de tudo.<\/span><\/h6><h6><span style=\"font-weight: normal;\">Camille tem madeixas rec\u00e9m pintadas de ruivo. \u00c0s vezes deixa os cachos \u00e0 mostra, \u00e0s vezes alisa. Quem conhece Camille Costa sabe que ser tagarela e, como ela mesma diz, ter cara de antip\u00e1tica s\u00e3o suas primeiras impress\u00f5es. Quem \u00e9 seu amigo, sabe que de antip\u00e1tica ela n\u00e3o tem nada.\u00a0\u201cQuando eu descobri e tive a oportunidade de participar dos projetos daqui, tipo a dan\u00e7a, o futebol, foi marcante pra mim. Tipo surreal.\u201d<\/span><\/h6><h6><span style=\"font-weight: normal;\">No auge dos seus 15 anos, conta que j\u00e1 fez parte de muitos projetos que s\u00e3o oferecidos na Zaki. Come\u00e7ou no jud\u00f4, passou pelo futebol e hoje est\u00e1 no ballet e jazz. H\u00e1 5 ou 6 anos, Camille come\u00e7ou no ballet: \u201c(Os primeiros dias) foram complicados, n\u00e9?! Pequenininha, birrenta, n\u00e3o sabia quase nada\u201d. Hoje, conta com alegria que \u00e9 a mais nova dentre as integrantes do grupo de jazz, que tem outras meninas e mulheres de 20 e poucos anos.<\/span><\/h6><h6><span style=\"font-weight: normal;\">Mi \u00e9 doce, fala suave e um pouco mais t\u00edmida. Com os cabelos pintados de rosa pink e um sorriso de princesa, n\u00e3o esconde o quanto a inf\u00e2ncia ainda toma conta dela. Durante a conversa, sua irm\u00e3 dedura que ela gosta bastante de brincar com outras amigas na quadra, de boneca e aproveitar os momentos de tempo livre.<\/span><\/h6><h6><span style=\"font-weight: normal;\">A crian\u00e7ada sempre p\u00f4de ser livre na Zaki Narchi, no entanto, algumas mem\u00f3rias marcam a lembran\u00e7a de quem nasceu e cresceu na comunidade. Ana Beatriz Gomes, 14 anos, tem um sorriso encantador, cabelos cacheados, escuros e conta com tranquilidade que prefere ficar em casa, n\u00e3o gosta muito de estar nos ambientes comuns da Zaki.<\/span><\/h6><h6><span style=\"font-weight: normal;\">Em suas lembran\u00e7as, algo que marcou a inf\u00e2ncia de Ana no local foi um confronto entre Policiais Militares e moradores da comunidade.<\/span><\/h6><h3>\u00a0 \u00a0 \u00a0 \u00a0 \u00a0 \u00a0 \u00a0 \u00a0 \u00a0 \u00a0 \u00a0 \u201cPresenciei um monte de \u00f4nibus sendo queimado, foi meio que um conflito,\u00a0 \u00a0 \u00a0 \u00a0 \u00a0 \u00a0 \u00a0 \u00a0 \u00a0 \u00a0 \u00a0 \u00a0 \u00a0 \u00a0 \u00a0 \u00a0 \u00a0 \u00a0 \u00a0 \u00a0 \u00a0 \u00a0 \u00a0 \u00a0 \u00a0 \u00a0 \u00a0 \u00a0 \u00a0 \u00a0 \u00a0 \u00a0 \u00a0 \u00a0 \u00a0uma guerra\u201d, conta com certo embargo na voz.<\/h3><h6><span style=\"font-weight: normal;\">Em frente a janela de seu apartamento, no bloco 28, Ana viu um \u00f4nibus em chamas numa tarde de domingo. A fuma\u00e7a dos autom\u00f3veis queimando, das bombas e do g\u00e1s de pimenta jogado pelos policiais era tanta que foi imposs\u00edvel ficar com a casa aberta. Fazia calor e era bem no hor\u00e1rio em que o almo\u00e7o estava sendo preparado. Todos ficaram trancafiados no apartamento de dois quartos, sala, cozinha e banheiro.<\/span><\/h6><h6><span style=\"font-weight: normal;\">O que Ana conta est\u00e1 registrado em mat\u00e9rias dos jornais O Globo, Folha de S. Paulo e Extra\u00a0no ano de 2014. \u201cSe n\u00e3o me engano, foi o que me falaram, um boato, n\u00e3o sei se \u00e9 verdade ou mentira. Isso foi porque os policiais mataram duas pessoas daqui\u201d, e sim, este foi o pontap\u00e9 inicial do conflito entre o protesto dos moradores e os PM &#8216;s.<\/span><\/h6><h6><span style=\"font-weight: normal;\">De acordo com um policial militar, em fala na mat\u00e9ria do O Globo, o morador foi morto porque resistiu \u00e0 pris\u00e3o e estava em um carro roubado com seu comparsa. De dentro da Zaki Narchi, o que Ana destaca \u00e9 que at\u00e9 hoje ela n\u00e3o pode afirmar o porqu\u00ea desse acontecimento. Por\u00e9m, o que diz com certeza \u00e9 que: \u201cfiquei com muito medo, achei que realmente ia acontecer alguma coisa. \u00c9 uma lembran\u00e7a ruim, mas a \u00fanica que me marca\u201d.<\/span><\/h6><h6><span style=\"font-weight: normal;\">Os \u00f4nibus ficaram atravessados na Avenida Zaki Narchi, importante via da Zona Norte de S\u00e3o Paulo, que deu nome ao Conjunto Habitacional. Segundo Rafael, o local herdou esse nome de um comerciante \u00e1rabe que morava na regi\u00e3o. E, realmente, Zaki Narchi \u00e9 uma homenagem ao famoso comerciante, de hom\u00f4nimo, nascido em Homs, na S\u00edria. Segundo o site S\u00e3o Paulo In Foco, foi um dos primeiros imigrantes dessa nacionalidade a eleger S\u00e3o Paulo como sua terra.<\/span><\/h6><h6><span style=\"font-weight: normal;\">Na \u00e9poca em que o Conjunto Habitacional n\u00e3o existia, os barracos do local j\u00e1 carregavam esse nome: Favela Zaki Narchi. Localizada em frente da Casa de Deten\u00e7\u00e3o de S\u00e3o Paulo, o antigo Carandiru, tamb\u00e9m carrega muitas lembran\u00e7as da \u00e9poca em que o pres\u00eddio existia.<\/span><\/h6><h3><span style=\"font-weight: normal;\">\u00a0 \u00a0 \u00a0 \u00a0 \u00a0 \u00a0 \u00a0 \u00a0 \u00a0 \u00a0 \u00a0 \u00a0 \u00a0 \u00a0 \u00a0<\/span>\u201cVira e mexe tinha fuga dos presos, eles faziam rebe<span style=\"font-weight: normal;\">l<\/span>i\u00e3o, fugiam e\u00a0 \u00a0 \u00a0 \u00a0 \u00a0 \u00a0 \u00a0 \u00a0 \u00a0 \u00a0 \u00a0 \u00a0 \u00a0 \u00a0 \u00a0 \u00a0 \u00a0 \u00a0 \u00a0 \u00a0 \u00a0 \u00a0 \u00a0 \u00a0 \u00a0 \u00a0 \u00a0 \u00a0 \u00a0 \u00a0 \u00a0 \u00a0 \u00a0 \u00a0 \u00a0 \u00a0 \u00a0 \u00a0 \u00a0 \u00a0 \u00a0vinham pra c\u00e1\u201d, lembra \u00c1urea.\u00a0<\/h3><h6><span style=\"font-weight: normal;\">Muitas vezes esteve dentro de casa, dormindo, e acordou assustada com fortes barulhos: era a pol\u00edcia estourando a porta dos barracos, invadindo, procurando os presos. \u201cPresenciei muitas vezes da gente ver os presos passando correndo nos becos, tentando invadir os barracos tamb\u00e9m\u201d, as<\/span> <span style=\"font-weight: normal;\">lembran\u00e7as engasgam a fala da moradora que tamb\u00e9m conta que se a pol\u00edcia viesse perguntar algo, ningu\u00e9m poderia falar nada. Do contr\u00e1rio, estariam jurados de morte por parte dos detentos.<\/span><\/h6>\t\t\t\t\t\t<\/div>\n\t\t\t\t<\/div>\n\t\t\t\t\t<\/div>\n\t\t<\/div>\n\t\t\t\t\t\t\t<\/div>\n\t\t<\/section>\n\t\t\t\t<section class=\"elementor-section elementor-top-section elementor-element elementor-element-11e76a8 elementor-section-boxed elementor-section-height-default elementor-section-height-default\" data-id=\"11e76a8\" data-element_type=\"section\">\n\t\t\t\t\t\t<div class=\"elementor-container elementor-column-gap-default\">\n\t\t\t\t\t<div class=\"elementor-column elementor-col-100 elementor-top-column elementor-element elementor-element-9f20ceb\" data-id=\"9f20ceb\" data-element_type=\"column\">\n\t\t\t<div class=\"elementor-widget-wrap elementor-element-populated\">\n\t\t\t\t\t\t\t\t<div class=\"elementor-element elementor-element-926a9c3 elementor-widget elementor-widget-google_maps\" data-id=\"926a9c3\" data-element_type=\"widget\" data-widget_type=\"google_maps.default\">\n\t\t\t\t<div class=\"elementor-widget-container\">\n\t\t\t\t\t<div class=\"elementor-custom-embed\">\n\t\t\t<iframe frameborder=\"0\" scrolling=\"no\" marginheight=\"0\" marginwidth=\"0\"\n\t\t\t\t\tsrc=\"https:\/\/maps.google.com\/maps?q=Zaki%20Narchi&#038;t=m&#038;z=12&#038;output=embed&#038;iwloc=near\"\n\t\t\t\t\ttitle=\"Zaki Narchi\"\n\t\t\t\t\taria-label=\"Zaki Narchi\"\n\t\t\t><\/iframe>\n\t\t<\/div>\n\t\t\t\t<\/div>\n\t\t\t\t<\/div>\n\t\t\t\t\t<\/div>\n\t\t<\/div>\n\t\t\t\t\t\t\t<\/div>\n\t\t<\/section>\n\t\t\t\t<section class=\"elementor-section elementor-top-section elementor-element elementor-element-42ac38b elementor-section-boxed elementor-section-height-default elementor-section-height-default\" data-id=\"42ac38b\" data-element_type=\"section\">\n\t\t\t\t\t\t<div class=\"elementor-container elementor-column-gap-default\">\n\t\t\t\t\t<div class=\"elementor-column elementor-col-100 elementor-top-column elementor-element elementor-element-5de4005\" data-id=\"5de4005\" data-element_type=\"column\">\n\t\t\t<div class=\"elementor-widget-wrap\">\n\t\t\t\t\t\t\t\t\t<\/div>\n\t\t<\/div>\n\t\t\t\t\t\t\t<\/div>\n\t\t<\/section>\n\t\t\t\t<section class=\"elementor-section elementor-top-section elementor-element elementor-element-2fb4b23 elementor-section-boxed elementor-section-height-default elementor-section-height-default\" data-id=\"2fb4b23\" data-element_type=\"section\">\n\t\t\t\t\t\t<div class=\"elementor-container elementor-column-gap-default\">\n\t\t\t\t\t<div class=\"elementor-column elementor-col-100 elementor-top-column elementor-element elementor-element-42601b2\" data-id=\"42601b2\" data-element_type=\"column\">\n\t\t\t<div class=\"elementor-widget-wrap elementor-element-populated\">\n\t\t\t\t\t\t\t\t<div class=\"elementor-element elementor-element-26a9649 elementor-widget elementor-widget-text-editor\" data-id=\"26a9649\" data-element_type=\"widget\" data-widget_type=\"text-editor.default\">\n\t\t\t\t<div class=\"elementor-widget-container\">\n\t\t\t\t\t\t\t<h6><span style=\"font-weight: normal;\">Aquiles de Silva Souza, conhecido pelos mais \u00edntimos como Bugu, compartilha do mesmo cen\u00e1rio. Do tipo simp\u00e1tico, que tem voz de locutor e cativa no primeiro ol\u00e1, n\u00e3o esconde sua timidez. Chegou \u00e0 Zaki aos 11 anos, vindo da Vila Penteado, na Brasil\u00e2ndia, e hoje est\u00e1 \u00e0 frente de diversas atividades na comunidade.<\/span><\/h6><h3 style=\"font-style: normal; font-variant-ligatures: normal; font-variant-caps: normal; text-align: justify;\">\u00a0 \u00a0 \u00a0 \u00a0 \u00a0 \u00a0 \u00a0 \u201cO que impactava, eu creio que n\u00e3o s\u00f3 a mim, mas a todos da quebrada, era a viol\u00eancia. O\u00a0 \u00a0 \u00a0 \u00a0 \u00a0 \u00a0 \u00a0 \u00a0 \u00a0 \u00a0 \u00a0 \u00a0 \u00a0 \u00a0 grau de viol\u00eancia era muito grande, \u00e0s vezes a gente abria a porta e tinha que pular um\u00a0 \u00a0 \u00a0 \u00a0 \u00a0 \u00a0 \u00a0 \u00a0 \u00a0 \u00a0 \u00a0 \u00a0 \u00a0 \u00a0 \u00a0 \u00a0 \u00a0 \u00a0 \u00a0 \u00a0 \u00a0 \u00a0cad\u00e1ver\u201d, relata aos 40 anos, 28 deles vividos na comunidade.<\/h3><h6><span style=\"font-weight: normal;\">Penha tamb\u00e9m divide mem\u00f3rias de momentos como esse, e conta que em 2 de outubro de 1992, quando aconteceu o massacre do Carandiru, estava em casa e ouviu muitos gritos, tiros, tudo. Naquele dia, a trilha sonora da Zaki Narchi era diferente. Foram mortos 111 presos.<\/span><\/h6><h6><span style=\"font-weight: normal;\">\u201cEu e minhas vizinhas, a gente foi tudo l\u00e1 pra avenida ver, e os policiais fecharam tudo, s\u00f3 vimos na hora que parou. A gente via s\u00f3 os corpos saindo e entrando no cambur\u00e3o. J\u00e1 estava tudo morto.\u201d Penha finaliza dizendo que foi tudo muito feio e s\u00f3 depois de dois ou tr\u00eas dias que todos os corpos foram retirados de l\u00e1. Essas lembran\u00e7as s\u00e3o, tamb\u00e9m, engolidas a seco. E infelizmente, regadas a muito sangue.<\/span><\/h6><h6><span style=\"font-weight: normal;\">Da janela da Zaki, era poss\u00edvel ver a janela das celas, onde os presos ficavam sentados com as pernas para fora. \u201cA gente passava, eles ficavam tudo naquelas cancelinhas com as pernas pra fora. A gente passava ali e eles ficavam gritando, chamando\u201d, conta \u00c1urea. Isso tudo acabou em 8 de dezembro de 2002 quando ocorreu a implos\u00e3o do Carandiru, onde hoje \u00e9 o Parque da Juventude.<\/span><\/h6><h6><span style=\"font-weight: normal;\">De forma un\u00e2nime, todos dizem que o Parque da Juventude \u00e9 um \u00f3timo local. Quase que uma segunda casa para os moradores que, antes da pandemia, iam ao local, aproveitavam a biblioteca e levavam as crian\u00e7as para brincar. De fato, o Parque da Juventude trouxe outros ares a Zaki Narchi e a Zona Norte em geral.<\/span><\/h6><h6>\u00a0<\/h6>\t\t\t\t\t\t<\/div>\n\t\t\t\t<\/div>\n\t\t\t\t<div class=\"elementor-element elementor-element-0c702a2 elementor-arrows-position-inside elementor-pagination-position-outside elementor-widget elementor-widget-image-carousel\" data-id=\"0c702a2\" data-element_type=\"widget\" data-settings=\"{&quot;slides_to_show&quot;:&quot;1&quot;,&quot;navigation&quot;:&quot;both&quot;,&quot;autoplay&quot;:&quot;yes&quot;,&quot;pause_on_hover&quot;:&quot;yes&quot;,&quot;pause_on_interaction&quot;:&quot;yes&quot;,&quot;autoplay_speed&quot;:5000,&quot;infinite&quot;:&quot;yes&quot;,&quot;effect&quot;:&quot;slide&quot;,&quot;speed&quot;:500}\" data-widget_type=\"image-carousel.default\">\n\t\t\t\t<div class=\"elementor-widget-container\">\n\t\t\t\t\t<div class=\"elementor-image-carousel-wrapper swiper-container\" dir=\"ltr\">\n\t\t\t<div class=\"elementor-image-carousel swiper-wrapper\">\n\t\t\t\t\t\t\t\t<div class=\"swiper-slide\"><figure class=\"swiper-slide-inner\"><img class=\"swiper-slide-image\" src=\"http:\/\/janeladazaki.com\/wp-content\/uploads\/2021\/10\/20211012_140800-768x576.png\" alt=\"20211012_140800\" \/><\/figure><\/div><div class=\"swiper-slide\"><figure class=\"swiper-slide-inner\"><img class=\"swiper-slide-image\" src=\"http:\/\/janeladazaki.com\/wp-content\/uploads\/2021\/10\/20211012_125234-768x576.png\" alt=\"20211012_125234\" \/><\/figure><\/div><div class=\"swiper-slide\"><figure class=\"swiper-slide-inner\"><img class=\"swiper-slide-image\" src=\"http:\/\/janeladazaki.com\/wp-content\/uploads\/2021\/10\/20211012_110955-768x576.png\" alt=\"20211012_110955\" \/><\/figure><\/div><div class=\"swiper-slide\"><figure class=\"swiper-slide-inner\"><img class=\"swiper-slide-image\" src=\"http:\/\/janeladazaki.com\/wp-content\/uploads\/2021\/10\/20211012_111607-768x576.png\" alt=\"20211012_111607\" \/><\/figure><\/div><div class=\"swiper-slide\"><figure class=\"swiper-slide-inner\"><img class=\"swiper-slide-image\" src=\"http:\/\/janeladazaki.com\/wp-content\/uploads\/2021\/10\/20211012_105925-768x576.png\" alt=\"20211012_105925\" \/><\/figure><\/div><div class=\"swiper-slide\"><figure class=\"swiper-slide-inner\"><img class=\"swiper-slide-image\" src=\"http:\/\/janeladazaki.com\/wp-content\/uploads\/2021\/10\/20211012_133552-768x576.png\" alt=\"20211012_133552\" \/><\/figure><\/div>\t\t\t<\/div>\n\t\t\t\t\t\t\t\t\t\t\t\t<div class=\"swiper-pagination\"><\/div>\n\t\t\t\t\t\t\t\t\t\t\t\t\t<div class=\"elementor-swiper-button elementor-swiper-button-prev\">\n\t\t\t\t\t\t<i class=\"eicon-chevron-left\" aria-hidden=\"true\"><\/i>\n\t\t\t\t\t\t<span class=\"elementor-screen-only\">Anterior<\/span>\n\t\t\t\t\t<\/div>\n\t\t\t\t\t<div class=\"elementor-swiper-button elementor-swiper-button-next\">\n\t\t\t\t\t\t<i class=\"eicon-chevron-right\" aria-hidden=\"true\"><\/i>\n\t\t\t\t\t\t<span class=\"elementor-screen-only\">Pr\u00f3ximo<\/span>\n\t\t\t\t\t<\/div>\n\t\t\t\t\t\t\t\t\t<\/div>\n\t\t\t\t<\/div>\n\t\t\t\t<\/div>\n\t\t\t\t\t<\/div>\n\t\t<\/div>\n\t\t\t\t\t\t\t<\/div>\n\t\t<\/section>\n\t\t\t\t<section class=\"elementor-section elementor-top-section elementor-element elementor-element-678c11c elementor-section-boxed elementor-section-height-default elementor-section-height-default\" data-id=\"678c11c\" data-element_type=\"section\">\n\t\t\t\t\t\t<div class=\"elementor-container elementor-column-gap-default\">\n\t\t\t\t\t<div class=\"elementor-column elementor-col-100 elementor-top-column elementor-element elementor-element-6c83f4c\" data-id=\"6c83f4c\" data-element_type=\"column\">\n\t\t\t<div class=\"elementor-widget-wrap elementor-element-populated\">\n\t\t\t\t\t\t\t\t<div class=\"elementor-element elementor-element-0a190a0 elementor-widget elementor-widget-text-editor\" data-id=\"0a190a0\" data-element_type=\"widget\" data-widget_type=\"text-editor.default\">\n\t\t\t\t<div class=\"elementor-widget-container\">\n\t\t\t\t\t\t\t<h6><span style=\"font-weight: normal;\">Como qualquer outro lugar, as janelas da Zaki tamb\u00e9m conheceram a pandemia. No entanto, de\u00a0forma mais r\u00edgida. Os corredores n\u00e3o puderam parar de se movimentar, os trabalhadores continuaram na rua, afinal, como colocar comida na mesa sem receber no fim do m\u00eas? O que d\u00e1 certo acalento \u00e9 o pequeno n\u00famero de moradores que foram atingidos de forma brutal pelo coronav\u00edrus. N\u00e3o \u00e9 poss\u00edvel numerar quantos se foram ou contra\u00edram Covid, mas o que todos afirmam \u00e9 que poucos foram os casos mais graves na quebrada.<\/span><\/h6><h6><span style=\"font-weight: normal;\">O uso de m\u00e1scara \u00e9 respeitado fora dos corredores que cruzam a Zaki. Mas, dentro das janelas, s\u00e3o poucos aqueles que usam a prote\u00e7\u00e3o facial. Afinal de contas, quem usa m\u00e1scara no quintal de casa?<\/span><\/h6><h6><span style=\"font-weight: normal;\">\u201cAqui \u00e9 bom de morar\u201d, diz Penha. \u201cHoje a gente mora aqui nesse lugar maravilhoso\u201d, acrescenta \u00c1urea. \u201cAqui \u00e9 muito acess\u00edvel o local\u201d, afirma Rafael. Elogios quanto \u00e0 Zaki Narchi n\u00e3o faltam. Quem vive, existe e resiste nas quebradas da Zaki, gosta de estar ali. Isso n\u00e3o anula os sonhos e a vontade de alguns deles de um dia finalizar o ciclo dentro da comunidade e ver o raiar do sol por meio de outras janelas.<\/span><\/h6><h6><span style=\"font-weight: normal;\">As paredes, as janelas, as portas, as grades e o ch\u00e3o da Zaki Narchi colecionam hist\u00f3rias. Felizes, tristes, engra\u00e7adas, de suspense, que te deixam de queixo ca\u00eddo e revelam muito sobre a vida. Muito mais do que uma comunidade que fica escondida aos olhos da popula\u00e7\u00e3o, a Zaki \u00e9 vida. Movimento. Resist\u00eancia.<\/span><\/h6>\t\t\t\t\t\t<\/div>\n\t\t\t\t<\/div>\n\t\t\t\t\t<\/div>\n\t\t<\/div>\n\t\t\t\t\t\t\t<\/div>\n\t\t<\/section>\n\t\t\t\t<section class=\"elementor-section elementor-top-section elementor-element elementor-element-1168c90 elementor-section-boxed elementor-section-height-default elementor-section-height-default\" data-id=\"1168c90\" data-element_type=\"section\">\n\t\t\t\t\t\t<div class=\"elementor-container elementor-column-gap-default\">\n\t\t\t\t\t<div class=\"elementor-column elementor-col-100 elementor-top-column elementor-element elementor-element-d8bc0e3\" data-id=\"d8bc0e3\" data-element_type=\"column\">\n\t\t\t<div class=\"elementor-widget-wrap elementor-element-populated\">\n\t\t\t\t\t\t\t\t<div class=\"elementor-element elementor-element-1f27dfa elementor-widget__width-initial elementor-aspect-ratio-169 elementor-widget elementor-widget-video\" data-id=\"1f27dfa\" data-element_type=\"widget\" data-settings=\"{&quot;youtube_url&quot;:&quot;https:\\\/\\\/youtu.be\\\/ATTp_faWucw&quot;,&quot;video_type&quot;:&quot;youtube&quot;,&quot;controls&quot;:&quot;yes&quot;,&quot;aspect_ratio&quot;:&quot;169&quot;}\" data-widget_type=\"video.default\">\n\t\t\t\t<div class=\"elementor-widget-container\">\n\t\t\t\t\t<div class=\"elementor-wrapper elementor-fit-aspect-ratio elementor-open-inline\">\n\t\t\t<div class=\"elementor-video\"><\/div>\t\t<\/div>\n\t\t\t\t<\/div>\n\t\t\t\t<\/div>\n\t\t\t\t<div class=\"elementor-element elementor-element-cbec6b5 elementor-widget elementor-widget-text-editor\" data-id=\"cbec6b5\" data-element_type=\"widget\" data-widget_type=\"text-editor.default\">\n\t\t\t\t<div class=\"elementor-widget-container\">\n\t\t\t\t\t\t\t\t\t\t\t\t\t<\/div>\n\t\t\t\t<\/div>\n\t\t\t\t\t<\/div>\n\t\t<\/div>\n\t\t\t\t\t\t\t<\/div>\n\t\t<\/section>\n\t\t\t\t\t\t<\/div>\n\t\t\t\t\t<\/div>\n\t\t","protected":false},"excerpt":{"rendered":"<p>\u00a0 Uma cidade dentro de outra cidade. A Zaki Narchi n\u00e3o dorme, assim como a movimentada S\u00e3o Paulo. 35 pr\u00e9dios, quatro andares e quatro apartamentos &hellip;<\/p>\n","protected":false},"author":1,"featured_media":0,"parent":0,"menu_order":1,"comment_status":"closed","ping_status":"closed","template":"","meta":[],"_links":{"self":[{"href":"http:\/\/janeladazaki.com\/index.php\/wp-json\/wp\/v2\/pages\/29"}],"collection":[{"href":"http:\/\/janeladazaki.com\/index.php\/wp-json\/wp\/v2\/pages"}],"about":[{"href":"http:\/\/janeladazaki.com\/index.php\/wp-json\/wp\/v2\/types\/page"}],"author":[{"embeddable":true,"href":"http:\/\/janeladazaki.com\/index.php\/wp-json\/wp\/v2\/users\/1"}],"replies":[{"embeddable":true,"href":"http:\/\/janeladazaki.com\/index.php\/wp-json\/wp\/v2\/comments?post=29"}],"version-history":[{"count":220,"href":"http:\/\/janeladazaki.com\/index.php\/wp-json\/wp\/v2\/pages\/29\/revisions"}],"predecessor-version":[{"id":1323,"href":"http:\/\/janeladazaki.com\/index.php\/wp-json\/wp\/v2\/pages\/29\/revisions\/1323"}],"wp:attachment":[{"href":"http:\/\/janeladazaki.com\/index.php\/wp-json\/wp\/v2\/media?parent=29"}],"curies":[{"name":"wp","href":"https:\/\/api.w.org\/{rel}","templated":true}]}}